{"id":2504,"date":"2021-06-28T13:30:20","date_gmt":"2021-06-28T11:30:20","guid":{"rendered":"https:\/\/metart.metropolitan.ac.rs\/?page_id=2504"},"modified":"2023-06-26T16:03:55","modified_gmt":"2023-06-26T14:03:55","slug":"istorija-dizajna","status":"publish","type":"page","link":"https:\/\/metart.metropolitan.ac.rs\/2023\/istorija-dizajna\/","title":{"rendered":"Istorija dizajna"},"content":{"rendered":"<div id=\"jig1\" class=\"justified-image-grid jig-f1fc583253ecfa8bf859a4a3b04503ec jig-preset-global\"><div class=\"jig-clearfix\"><\/div><noscript id=\"jig1-html\" class=\"justified-image-grid-html\" data-lazy-src=\"skiplazyload\" data-src=\"skipunveillazyload\"><ul><li><a href=\"https:\/\/metart.metropolitan.ac.rs\/2023\/wp-content\/uploads\/2023\/06\/Andjela-Opacic-AD118-Istorija-dizajna-2-1024x768.jpg\"><img loading=\"lazy\" decoding=\"async\" src=\"https:\/\/metart.metropolitan.ac.rs\/2023\/wp-content\/plugins\/justified-image-grid\/timthumb.php?src=https%3A%2F%2Fmetart.metropolitan.ac.rs%2F2023%2Fwp-content%2Fuploads%2F2023%2F06%2FAndjela-Opacic-AD118-Istorija-dizajna-2-1024x768.jpg&amp;h=380&amp;q=90&amp;f=.jpg\" alt=\"An\u0111ela Opa\u010di\u0107 - AD118 - Istorija dizajna 2\" width=\"506\" height=\"380\" \/><\/a><p class=\"jig-HTMLdescription\">An\u0111ela Opa\u010di\u0107 - AD118 - Istorija dizajna 2<br\/><\/p><\/li><li><a href=\"https:\/\/metart.metropolitan.ac.rs\/2023\/wp-content\/uploads\/2023\/06\/Andjela-Opacic-AD118-Istorija-dizajna-3-724x1024.jpg\"><img loading=\"lazy\" decoding=\"async\" src=\"https:\/\/metart.metropolitan.ac.rs\/2023\/wp-content\/plugins\/justified-image-grid\/timthumb.php?src=https%3A%2F%2Fmetart.metropolitan.ac.rs%2F2023%2Fwp-content%2Fuploads%2F2023%2F06%2FAndjela-Opacic-AD118-Istorija-dizajna-3-724x1024.jpg&amp;h=380&amp;q=90&amp;f=.jpg\" alt=\"An\u0111ela Opa\u010di\u0107 - AD118 - Istorija dizajna 3\" width=\"268\" height=\"380\" \/><\/a><p class=\"jig-HTMLdescription\">An\u0111ela Opa\u010di\u0107 - AD118 - Istorija dizajna 3<br\/><\/p><\/li><li><a href=\"https:\/\/metart.metropolitan.ac.rs\/2023\/wp-content\/uploads\/2023\/06\/Andjela-Opacic-AD118-Istorija-dizajna-4-724x1024.jpg\"><img loading=\"lazy\" decoding=\"async\" src=\"https:\/\/metart.metropolitan.ac.rs\/2023\/wp-content\/plugins\/justified-image-grid\/timthumb.php?src=https%3A%2F%2Fmetart.metropolitan.ac.rs%2F2023%2Fwp-content%2Fuploads%2F2023%2F06%2FAndjela-Opacic-AD118-Istorija-dizajna-4-724x1024.jpg&amp;h=380&amp;q=90&amp;f=.jpg\" alt=\"An\u0111ela Opa\u010di\u0107 - AD118 - Istorija dizajna 4\" width=\"268\" height=\"380\" \/><\/a><p class=\"jig-HTMLdescription\">An\u0111ela Opa\u010di\u0107 - AD118 - Istorija dizajna 4<br\/><\/p><\/li><li><a href=\"https:\/\/metart.metropolitan.ac.rs\/2023\/wp-content\/uploads\/2023\/06\/Andjela-Opacic-AD118-Istorija-dizajna-1024x768.jpg\"><img loading=\"lazy\" decoding=\"async\" src=\"https:\/\/metart.metropolitan.ac.rs\/2023\/wp-content\/plugins\/justified-image-grid\/timthumb.php?src=https%3A%2F%2Fmetart.metropolitan.ac.rs%2F2023%2Fwp-content%2Fuploads%2F2023%2F06%2FAndjela-Opacic-AD118-Istorija-dizajna-1024x768.jpg&amp;h=380&amp;q=90&amp;f=.jpg\" alt=\"An\u0111ela Opa\u010di\u0107 - AD118 - Istorija dizajna\" width=\"506\" height=\"380\" \/><\/a><p class=\"jig-HTMLdescription\">An\u0111ela Opa\u010di\u0107 - AD118 - Istorija dizajna<br\/><\/p><\/li><li><a href=\"https:\/\/metart.metropolitan.ac.rs\/2023\/wp-content\/uploads\/2023\/06\/Andrea-Markovic-AD118-Istorija-dizajna-2-558x1024.png\"><img loading=\"lazy\" decoding=\"async\" src=\"https:\/\/metart.metropolitan.ac.rs\/2023\/wp-content\/plugins\/justified-image-grid\/timthumb.php?src=https%3A%2F%2Fmetart.metropolitan.ac.rs%2F2023%2Fwp-content%2Fuploads%2F2023%2F06%2FAndrea-Markovic-AD118-Istorija-dizajna-2-558x1024.png&amp;h=380&amp;q=90&amp;f=.png\" alt=\"Andrea Markovi\u0107 - AD118 - Istorija dizajna 2\" width=\"207\" height=\"380\" \/><\/a><p class=\"jig-HTMLdescription\">Andrea Markovi\u0107 - AD118 - Istorija dizajna 2<br\/><\/p><\/li><li><a href=\"https:\/\/metart.metropolitan.ac.rs\/2023\/wp-content\/uploads\/2023\/06\/Andrea-Markovic-AD118-Istorija-dizajna-1024x818.png\"><img loading=\"lazy\" decoding=\"async\" src=\"https:\/\/metart.metropolitan.ac.rs\/2023\/wp-content\/plugins\/justified-image-grid\/timthumb.php?src=https%3A%2F%2Fmetart.metropolitan.ac.rs%2F2023%2Fwp-content%2Fuploads%2F2023%2F06%2FAndrea-Markovic-AD118-Istorija-dizajna-1024x818.png&amp;h=380&amp;q=90&amp;f=.png\" alt=\"Andrea Markovi\u0107 - AD118 - Istorija dizajna\" width=\"475\" height=\"380\" \/><\/a><p class=\"jig-HTMLdescription\">Andrea Markovi\u0107 - AD118 - Istorija dizajna<br\/><\/p><\/li><li><a href=\"https:\/\/metart.metropolitan.ac.rs\/2023\/wp-content\/uploads\/2023\/06\/Andrijana-Krstic-AD118-Istorija-dizajna-724x1024.jpg\"><img loading=\"lazy\" decoding=\"async\" src=\"https:\/\/metart.metropolitan.ac.rs\/2023\/wp-content\/plugins\/justified-image-grid\/timthumb.php?src=https%3A%2F%2Fmetart.metropolitan.ac.rs%2F2023%2Fwp-content%2Fuploads%2F2023%2F06%2FAndrijana-Krstic-AD118-Istorija-dizajna-724x1024.jpg&amp;h=380&amp;q=90&amp;f=.jpg\" alt=\"Andrijana Krsti\u0107- AD118 - Istorija dizajna\" width=\"268\" height=\"380\" \/><\/a><p class=\"jig-HTMLdescription\">Andrijana Krsti\u0107- AD118 - Istorija dizajna<br\/><\/p><\/li><li><a href=\"https:\/\/metart.metropolitan.ac.rs\/2023\/wp-content\/uploads\/2023\/06\/Angela-Stojanovic-AD118-Istorija-dizajna-2-730x1024.jpg\"><img loading=\"lazy\" decoding=\"async\" src=\"https:\/\/metart.metropolitan.ac.rs\/2023\/wp-content\/plugins\/justified-image-grid\/timthumb.php?src=https%3A%2F%2Fmetart.metropolitan.ac.rs%2F2023%2Fwp-content%2Fuploads%2F2023%2F06%2FAngela-Stojanovic-AD118-Istorija-dizajna-2-730x1024.jpg&amp;h=380&amp;q=90&amp;f=.jpg\" alt=\"Angela Stojanovi\u0107 - AD118 - Istorija dizajna 2\" width=\"270\" height=\"380\" \/><\/a><p class=\"jig-HTMLdescription\">Angela Stojanovi\u0107 - AD118 - Istorija dizajna 2<br\/><\/p><\/li><li><a href=\"https:\/\/metart.metropolitan.ac.rs\/2023\/wp-content\/uploads\/2023\/06\/Angela-Stojanovic-AD118-Istorija-dizajna-1024x724.jpg\"><img loading=\"lazy\" decoding=\"async\" src=\"https:\/\/metart.metropolitan.ac.rs\/2023\/wp-content\/plugins\/justified-image-grid\/timthumb.php?src=https%3A%2F%2Fmetart.metropolitan.ac.rs%2F2023%2Fwp-content%2Fuploads%2F2023%2F06%2FAngela-Stojanovic-AD118-Istorija-dizajna-1024x724.jpg&amp;h=380&amp;q=90&amp;f=.jpg\" alt=\"Angela Stojanovi\u0107 - AD118 - Istorija dizajna\" width=\"537\" height=\"380\" \/><\/a><p class=\"jig-HTMLdescription\">Angela Stojanovi\u0107 - AD118 - Istorija dizajna<br\/><\/p><\/li><li><a href=\"https:\/\/metart.metropolitan.ac.rs\/2023\/wp-content\/uploads\/2023\/06\/Anna-Nyrkova-AD118-Istorija-dizajna-2-730x1024.jpg\"><img loading=\"lazy\" decoding=\"async\" src=\"https:\/\/metart.metropolitan.ac.rs\/2023\/wp-content\/plugins\/justified-image-grid\/timthumb.php?src=https%3A%2F%2Fmetart.metropolitan.ac.rs%2F2023%2Fwp-content%2Fuploads%2F2023%2F06%2FAnna-Nyrkova-AD118-Istorija-dizajna-2-730x1024.jpg&amp;h=380&amp;q=90&amp;f=.jpg\" alt=\"Anna Nyrkova - AD118 - Istorija dizajna 2\" width=\"270\" height=\"380\" \/><\/a><p class=\"jig-HTMLdescription\">Anna Nyrkova - AD118 - Istorija dizajna 2<br\/><\/p><\/li><li><a href=\"https:\/\/metart.metropolitan.ac.rs\/2023\/wp-content\/uploads\/2023\/06\/Anna-Nyrkova-AD118-Istorija-dizajna-1024x724.jpg\"><img loading=\"lazy\" decoding=\"async\" src=\"https:\/\/metart.metropolitan.ac.rs\/2023\/wp-content\/plugins\/justified-image-grid\/timthumb.php?src=https%3A%2F%2Fmetart.metropolitan.ac.rs%2F2023%2Fwp-content%2Fuploads%2F2023%2F06%2FAnna-Nyrkova-AD118-Istorija-dizajna-1024x724.jpg&amp;h=380&amp;q=90&amp;f=.jpg\" alt=\"Anna Nyrkova - AD118 - Istorija dizajna\" width=\"537\" height=\"380\" \/><\/a><p class=\"jig-HTMLdescription\">Anna Nyrkova - AD118 - Istorija dizajna<br\/><\/p><\/li><li><a href=\"https:\/\/metart.metropolitan.ac.rs\/2023\/wp-content\/uploads\/2023\/06\/Bojana-Kuzmic-AD118-Istorija-dizajna.png\"><img loading=\"lazy\" decoding=\"async\" src=\"https:\/\/metart.metropolitan.ac.rs\/2023\/wp-content\/plugins\/justified-image-grid\/timthumb.php?src=https%3A%2F%2Fmetart.metropolitan.ac.rs%2F2023%2Fwp-content%2Fuploads%2F2023%2F06%2FBojana-Kuzmic-AD118-Istorija-dizajna.png&amp;h=380&amp;q=90&amp;f=.png\" alt=\"Bojana Kuzmi\u0107 - AD118 - Istorija dizajna\" width=\"269\" height=\"380\" \/><\/a><p class=\"jig-HTMLdescription\">Bojana Kuzmi\u0107 - AD118 - Istorija dizajna<br\/><\/p><\/li><li><a href=\"https:\/\/metart.metropolitan.ac.rs\/2023\/wp-content\/uploads\/2023\/06\/Dajana-Novakovic-AD118-Istorija-dizajna-724x1024.jpg\"><img loading=\"lazy\" decoding=\"async\" src=\"https:\/\/metart.metropolitan.ac.rs\/2023\/wp-content\/plugins\/justified-image-grid\/timthumb.php?src=https%3A%2F%2Fmetart.metropolitan.ac.rs%2F2023%2Fwp-content%2Fuploads%2F2023%2F06%2FDajana-Novakovic-AD118-Istorija-dizajna-724x1024.jpg&amp;h=380&amp;q=90&amp;f=.jpg\" alt=\"Dajana Novakovi\u0107 - AD118 - Istorija dizajna\" width=\"268\" height=\"380\" \/><\/a><p class=\"jig-HTMLdescription\">Dajana Novakovi\u0107 - AD118 - Istorija dizajna<br\/><\/p><\/li><li><a href=\"https:\/\/metart.metropolitan.ac.rs\/2023\/wp-content\/uploads\/2023\/06\/Danica-Tasic-AD118-Istorija-dizajna-2-1024x724.jpg\"><img loading=\"lazy\" decoding=\"async\" src=\"https:\/\/metart.metropolitan.ac.rs\/2023\/wp-content\/plugins\/justified-image-grid\/timthumb.php?src=https%3A%2F%2Fmetart.metropolitan.ac.rs%2F2023%2Fwp-content%2Fuploads%2F2023%2F06%2FDanica-Tasic-AD118-Istorija-dizajna-2-1024x724.jpg&amp;h=380&amp;q=90&amp;f=.jpg\" alt=\"Danica Tasi\u0107 - AD118 - Istorija dizajna 2\" width=\"537\" height=\"380\" \/><\/a><p class=\"jig-HTMLdescription\">Danica Tasi\u0107 - AD118 - Istorija dizajna 2<br\/><\/p><\/li><li><a href=\"https:\/\/metart.metropolitan.ac.rs\/2023\/wp-content\/uploads\/2023\/06\/Danica-Tasic-AD118-Istorija-dizajna-724x1024.jpg\"><img loading=\"lazy\" decoding=\"async\" src=\"https:\/\/metart.metropolitan.ac.rs\/2023\/wp-content\/plugins\/justified-image-grid\/timthumb.php?src=https%3A%2F%2Fmetart.metropolitan.ac.rs%2F2023%2Fwp-content%2Fuploads%2F2023%2F06%2FDanica-Tasic-AD118-Istorija-dizajna-724x1024.jpg&amp;h=380&amp;q=90&amp;f=.jpg\" alt=\"Danica Tasi\u0107 - AD118 - Istorija dizajna\" width=\"268\" height=\"380\" \/><\/a><p class=\"jig-HTMLdescription\">Danica Tasi\u0107 - AD118 - Istorija dizajna<br\/><\/p><\/li><li><a href=\"https:\/\/metart.metropolitan.ac.rs\/2023\/wp-content\/uploads\/2023\/06\/Danijela-Tomovic-AD118-Istorija-dizajna-695x1024.jpg\"><img loading=\"lazy\" decoding=\"async\" src=\"https:\/\/metart.metropolitan.ac.rs\/2023\/wp-content\/plugins\/justified-image-grid\/timthumb.php?src=https%3A%2F%2Fmetart.metropolitan.ac.rs%2F2023%2Fwp-content%2Fuploads%2F2023%2F06%2FDanijela-Tomovic-AD118-Istorija-dizajna-695x1024.jpg&amp;h=380&amp;q=90&amp;f=.jpg\" alt=\"Danijela Tomovi\u0107 - AD118 - Istorija dizajna\" width=\"257\" height=\"380\" \/><\/a><p class=\"jig-HTMLdescription\">Danijela Tomovi\u0107 - AD118 - Istorija dizajna<br\/><\/p><\/li><li><a href=\"https:\/\/metart.metropolitan.ac.rs\/2023\/wp-content\/uploads\/2023\/06\/Dijana-Simic-AD118-Istorija-dizajna-724x1024.jpg\"><img loading=\"lazy\" decoding=\"async\" src=\"https:\/\/metart.metropolitan.ac.rs\/2023\/wp-content\/plugins\/justified-image-grid\/timthumb.php?src=https%3A%2F%2Fmetart.metropolitan.ac.rs%2F2023%2Fwp-content%2Fuploads%2F2023%2F06%2FDijana-Simic-AD118-Istorija-dizajna-724x1024.jpg&amp;h=380&amp;q=90&amp;f=.jpg\" alt=\"Dijana Simi\u0107 - AD118 - Istorija dizajna\" width=\"268\" height=\"380\" \/><\/a><p class=\"jig-HTMLdescription\">Dijana Simi\u0107 - AD118 - Istorija dizajna<br\/><\/p><\/li><li><a href=\"https:\/\/metart.metropolitan.ac.rs\/2023\/wp-content\/uploads\/2023\/06\/Dimitrije-Sutovic-AD118-Istorija-dizajna-2-724x1024.png\"><img loading=\"lazy\" decoding=\"async\" src=\"https:\/\/metart.metropolitan.ac.rs\/2023\/wp-content\/plugins\/justified-image-grid\/timthumb.php?src=https%3A%2F%2Fmetart.metropolitan.ac.rs%2F2023%2Fwp-content%2Fuploads%2F2023%2F06%2FDimitrije-Sutovic-AD118-Istorija-dizajna-2-724x1024.png&amp;h=380&amp;q=90&amp;f=.png\" alt=\"Dimitrije Sutovi\u0107 - AD118 - Istorija dizajna 2\" width=\"268\" height=\"380\" \/><\/a><p class=\"jig-HTMLdescription\">Dimitrije Sutovi\u0107 - AD118 - Istorija dizajna 2<br\/><\/p><\/li><li><a href=\"https:\/\/metart.metropolitan.ac.rs\/2023\/wp-content\/uploads\/2023\/06\/Dimitrije-Sutovic-AD118-Istorija-dizajna-1024x724.jpg\"><img loading=\"lazy\" decoding=\"async\" src=\"https:\/\/metart.metropolitan.ac.rs\/2023\/wp-content\/plugins\/justified-image-grid\/timthumb.php?src=https%3A%2F%2Fmetart.metropolitan.ac.rs%2F2023%2Fwp-content%2Fuploads%2F2023%2F06%2FDimitrije-Sutovic-AD118-Istorija-dizajna-1024x724.jpg&amp;h=380&amp;q=90&amp;f=.jpg\" alt=\"Dimitrije Sutovi\u0107 - AD118 - Istorija dizajna\" width=\"537\" height=\"380\" \/><\/a><p class=\"jig-HTMLdescription\">Dimitrije Sutovi\u0107 - AD118 - Istorija dizajna<br\/><\/p><\/li><li><a href=\"https:\/\/metart.metropolitan.ac.rs\/2023\/wp-content\/uploads\/2023\/06\/DJordje-Jovanovic-AD118-Istorija-dizajna-2-805x1024.jpg\"><img loading=\"lazy\" decoding=\"async\" src=\"https:\/\/metart.metropolitan.ac.rs\/2023\/wp-content\/plugins\/justified-image-grid\/timthumb.php?src=https%3A%2F%2Fmetart.metropolitan.ac.rs%2F2023%2Fwp-content%2Fuploads%2F2023%2F06%2FDJordje-Jovanovic-AD118-Istorija-dizajna-2-805x1024.jpg&amp;h=380&amp;q=90&amp;f=.jpg\" alt=\"\u0110or\u0111e Jovanovi\u0107 - AD118 - Istorija dizajna 2\" width=\"298\" height=\"380\" \/><\/a><p class=\"jig-HTMLdescription\">\u0110or\u0111e Jovanovi\u0107 - AD118 - Istorija dizajna 2<br\/><\/p><\/li><li><a href=\"https:\/\/metart.metropolitan.ac.rs\/2023\/wp-content\/uploads\/2023\/06\/DJordje-Jovanovic-AD118-Istorija-dizajna-3-1024x731.jpg\"><img loading=\"lazy\" decoding=\"async\" src=\"https:\/\/metart.metropolitan.ac.rs\/2023\/wp-content\/plugins\/justified-image-grid\/timthumb.php?src=https%3A%2F%2Fmetart.metropolitan.ac.rs%2F2023%2Fwp-content%2Fuploads%2F2023%2F06%2FDJordje-Jovanovic-AD118-Istorija-dizajna-3-1024x731.jpg&amp;h=380&amp;q=90&amp;f=.jpg\" alt=\"\u0110or\u0111e Jovanovi\u0107 - AD118 - Istorija dizajna 3\" width=\"532\" height=\"380\" \/><\/a><p class=\"jig-HTMLdescription\">\u0110or\u0111e Jovanovi\u0107 - AD118 - Istorija dizajna 3<br\/><\/p><\/li><li><a href=\"https:\/\/metart.metropolitan.ac.rs\/2023\/wp-content\/uploads\/2023\/06\/DJordje-Jovanovic-AD118-Istorija-dizajna-1024x724.jpg\"><img loading=\"lazy\" decoding=\"async\" src=\"https:\/\/metart.metropolitan.ac.rs\/2023\/wp-content\/plugins\/justified-image-grid\/timthumb.php?src=https%3A%2F%2Fmetart.metropolitan.ac.rs%2F2023%2Fwp-content%2Fuploads%2F2023%2F06%2FDJordje-Jovanovic-AD118-Istorija-dizajna-1024x724.jpg&amp;h=380&amp;q=90&amp;f=.jpg\" alt=\"\u0110or\u0111e Jovanovi\u0107 - AD118 - Istorija dizajna\" width=\"537\" height=\"380\" \/><\/a><p class=\"jig-HTMLdescription\">\u0110or\u0111e Jovanovi\u0107 - AD118 - Istorija dizajna<br\/><\/p><\/li><li><a href=\"https:\/\/metart.metropolitan.ac.rs\/2023\/wp-content\/uploads\/2023\/06\/Dunja-Bosiljcic-AD118-Istorija-dizajna.jpg\"><img loading=\"lazy\" decoding=\"async\" src=\"https:\/\/metart.metropolitan.ac.rs\/2023\/wp-content\/plugins\/justified-image-grid\/timthumb.php?src=https%3A%2F%2Fmetart.metropolitan.ac.rs%2F2023%2Fwp-content%2Fuploads%2F2023%2F06%2FDunja-Bosiljcic-AD118-Istorija-dizajna.jpg&amp;h=380&amp;q=90&amp;f=.jpg\" alt=\"Dunja Bosilj\u010di\u0107 - AD118 - Istorija dizajna\" width=\"268\" height=\"380\" \/><\/a><p class=\"jig-HTMLdescription\">Dunja Bosilj\u010di\u0107 - AD118 - Istorija dizajna<br\/><\/p><\/li><li><a href=\"https:\/\/metart.metropolitan.ac.rs\/2023\/wp-content\/uploads\/2023\/06\/DJurdjina-Vidojevic-AD118-Istorija-dizajna-724x1024.jpg\"><img loading=\"lazy\" decoding=\"async\" src=\"https:\/\/metart.metropolitan.ac.rs\/2023\/wp-content\/plugins\/justified-image-grid\/timthumb.php?src=https%3A%2F%2Fmetart.metropolitan.ac.rs%2F2023%2Fwp-content%2Fuploads%2F2023%2F06%2FDJurdjina-Vidojevic-AD118-Istorija-dizajna-724x1024.jpg&amp;h=380&amp;q=90&amp;f=.jpg\" alt=\"\u0110ur\u0111ina Vidojevi\u0107 - AD118 - Istorija dizajna\" width=\"268\" height=\"380\" \/><\/a><p class=\"jig-HTMLdescription\">\u0110ur\u0111ina Vidojevi\u0107 - AD118 - Istorija dizajna<br\/><\/p><\/li><li><a href=\"https:\/\/metart.metropolitan.ac.rs\/2023\/wp-content\/uploads\/2023\/06\/Gala-Krstic-AD118-Istorija-dizajna-2-1024x753.jpg\"><img loading=\"lazy\" decoding=\"async\" src=\"https:\/\/metart.metropolitan.ac.rs\/2023\/wp-content\/plugins\/justified-image-grid\/timthumb.php?src=https%3A%2F%2Fmetart.metropolitan.ac.rs%2F2023%2Fwp-content%2Fuploads%2F2023%2F06%2FGala-Krstic-AD118-Istorija-dizajna-2-1024x753.jpg&amp;h=380&amp;q=90&amp;f=.jpg\" alt=\"Gala Krsti\u0107 - AD118 - Istorija dizajna 2\" width=\"516\" height=\"380\" \/><\/a><p class=\"jig-HTMLdescription\">Gala Krsti\u0107 - AD118 - Istorija dizajna 2<br\/><\/p><\/li><li><a href=\"https:\/\/metart.metropolitan.ac.rs\/2023\/wp-content\/uploads\/2023\/06\/Gala-Krstic-AD118-Istorija-dizajna-680x1024.jpg\"><img loading=\"lazy\" decoding=\"async\" src=\"https:\/\/metart.metropolitan.ac.rs\/2023\/wp-content\/plugins\/justified-image-grid\/timthumb.php?src=https%3A%2F%2Fmetart.metropolitan.ac.rs%2F2023%2Fwp-content%2Fuploads%2F2023%2F06%2FGala-Krstic-AD118-Istorija-dizajna-680x1024.jpg&amp;h=380&amp;q=90&amp;f=.jpg\" alt=\"Gala Krsti\u0107 - AD118 - Istorija dizajna\" width=\"252\" height=\"380\" \/><\/a><p class=\"jig-HTMLdescription\">Gala Krsti\u0107 - AD118 - Istorija dizajna<br\/><\/p><\/li><li><a href=\"https:\/\/metart.metropolitan.ac.rs\/2023\/wp-content\/uploads\/2023\/06\/Ilija-Vasic-AD118-Istorija-dizajna-724x1024.jpg\"><img loading=\"lazy\" decoding=\"async\" src=\"https:\/\/metart.metropolitan.ac.rs\/2023\/wp-content\/plugins\/justified-image-grid\/timthumb.php?src=https%3A%2F%2Fmetart.metropolitan.ac.rs%2F2023%2Fwp-content%2Fuploads%2F2023%2F06%2FIlija-Vasic-AD118-Istorija-dizajna-724x1024.jpg&amp;h=380&amp;q=90&amp;f=.jpg\" alt=\"Ilija Vasi\u0107 - AD118 - Istorija dizajna\" width=\"268\" height=\"380\" \/><\/a><p class=\"jig-HTMLdescription\">Ilija Vasi\u0107 - AD118 - Istorija dizajna<br\/><\/p><\/li><li><a href=\"https:\/\/metart.metropolitan.ac.rs\/2023\/wp-content\/uploads\/2023\/06\/Ivana-Perovic-AD118-Istorija-dizajna-2-1024x724.png\"><img loading=\"lazy\" decoding=\"async\" src=\"https:\/\/metart.metropolitan.ac.rs\/2023\/wp-content\/plugins\/justified-image-grid\/timthumb.php?src=https%3A%2F%2Fmetart.metropolitan.ac.rs%2F2023%2Fwp-content%2Fuploads%2F2023%2F06%2FIvana-Perovic-AD118-Istorija-dizajna-2-1024x724.png&amp;h=380&amp;q=90&amp;f=.png\" alt=\"Ivana Perovi\u0107 - AD118 - Istorija dizajna 2\" width=\"537\" height=\"380\" \/><\/a><p class=\"jig-HTMLdescription\">Ivana Perovi\u0107 - AD118 - Istorija dizajna 2<br\/><\/p><\/li><li><a href=\"https:\/\/metart.metropolitan.ac.rs\/2023\/wp-content\/uploads\/2023\/06\/Ivana-Perovic-AD118-Istorija-dizajna-724x1024.png\"><img loading=\"lazy\" decoding=\"async\" src=\"https:\/\/metart.metropolitan.ac.rs\/2023\/wp-content\/plugins\/justified-image-grid\/timthumb.php?src=https%3A%2F%2Fmetart.metropolitan.ac.rs%2F2023%2Fwp-content%2Fuploads%2F2023%2F06%2FIvana-Perovic-AD118-Istorija-dizajna-724x1024.png&amp;h=380&amp;q=90&amp;f=.png\" alt=\"Ivana Perovi\u0107 - AD118 - Istorija dizajna\" width=\"268\" height=\"380\" \/><\/a><p class=\"jig-HTMLdescription\">Ivana Perovi\u0107 - AD118 - Istorija dizajna<br\/><\/p><\/li><li><a href=\"https:\/\/metart.metropolitan.ac.rs\/2023\/wp-content\/uploads\/2023\/06\/Ivona-Aleksendric-AD118-Istorija-dizajna-2-724x1024.jpg\"><img loading=\"lazy\" decoding=\"async\" src=\"https:\/\/metart.metropolitan.ac.rs\/2023\/wp-content\/plugins\/justified-image-grid\/timthumb.php?src=https%3A%2F%2Fmetart.metropolitan.ac.rs%2F2023%2Fwp-content%2Fuploads%2F2023%2F06%2FIvona-Aleksendric-AD118-Istorija-dizajna-2-724x1024.jpg&amp;h=380&amp;q=90&amp;f=.jpg\" alt=\"Ivona Aleksendri\u0107 - AD118 - Istorija dizajna 2\" width=\"268\" height=\"380\" \/><\/a><p class=\"jig-HTMLdescription\">Ivona Aleksendri\u0107 - AD118 - Istorija dizajna 2<br\/><\/p><\/li><li><a href=\"https:\/\/metart.metropolitan.ac.rs\/2023\/wp-content\/uploads\/2023\/06\/Ivona-Aleksendric-AD118-Istorija-dizajna-1024x724.jpg\"><img loading=\"lazy\" decoding=\"async\" src=\"https:\/\/metart.metropolitan.ac.rs\/2023\/wp-content\/plugins\/justified-image-grid\/timthumb.php?src=https%3A%2F%2Fmetart.metropolitan.ac.rs%2F2023%2Fwp-content%2Fuploads%2F2023%2F06%2FIvona-Aleksendric-AD118-Istorija-dizajna-1024x724.jpg&amp;h=380&amp;q=90&amp;f=.jpg\" alt=\"Ivona Aleksendri\u0107 - AD118 - Istorija dizajna\" width=\"537\" height=\"380\" \/><\/a><p class=\"jig-HTMLdescription\">Ivona Aleksendri\u0107 - AD118 - Istorija dizajna<br\/><\/p><\/li><li><a href=\"https:\/\/metart.metropolitan.ac.rs\/2023\/wp-content\/uploads\/2023\/06\/Jana-Jankovic-AD118-Istorija-dizajna-724x1024.jpg\"><img loading=\"lazy\" decoding=\"async\" src=\"https:\/\/metart.metropolitan.ac.rs\/2023\/wp-content\/plugins\/justified-image-grid\/timthumb.php?src=https%3A%2F%2Fmetart.metropolitan.ac.rs%2F2023%2Fwp-content%2Fuploads%2F2023%2F06%2FJana-Jankovic-AD118-Istorija-dizajna-724x1024.jpg&amp;h=380&amp;q=90&amp;f=.jpg\" alt=\"Jana Jankovi\u0107 - AD118 - Istorija dizajna\" width=\"268\" height=\"380\" \/><\/a><p class=\"jig-HTMLdescription\">Jana Jankovi\u0107 - AD118 - Istorija dizajna<br\/><\/p><\/li><li><a href=\"https:\/\/metart.metropolitan.ac.rs\/2023\/wp-content\/uploads\/2023\/06\/Jana-Vasiljevic-AD118-Istorija-dizajna-706x1024.jpg\"><img loading=\"lazy\" decoding=\"async\" src=\"https:\/\/metart.metropolitan.ac.rs\/2023\/wp-content\/plugins\/justified-image-grid\/timthumb.php?src=https%3A%2F%2Fmetart.metropolitan.ac.rs%2F2023%2Fwp-content%2Fuploads%2F2023%2F06%2FJana-Vasiljevic-AD118-Istorija-dizajna-706x1024.jpg&amp;h=380&amp;q=90&amp;f=.jpg\" alt=\"Jana Vasiljevi\u0107 - AD118 - Istorija dizajna\" width=\"261\" height=\"380\" \/><\/a><p class=\"jig-HTMLdescription\">Jana Vasiljevi\u0107 - AD118 - Istorija dizajna<br\/><\/p><\/li><li><a href=\"https:\/\/metart.metropolitan.ac.rs\/2023\/wp-content\/uploads\/2023\/06\/Jelena-Piljevic-AD118-Istorija-dizajna-623x1024.jpg\"><img loading=\"lazy\" decoding=\"async\" src=\"https:\/\/metart.metropolitan.ac.rs\/2023\/wp-content\/plugins\/justified-image-grid\/timthumb.php?src=https%3A%2F%2Fmetart.metropolitan.ac.rs%2F2023%2Fwp-content%2Fuploads%2F2023%2F06%2FJelena-Piljevic-AD118-Istorija-dizajna-623x1024.jpg&amp;h=380&amp;q=90&amp;f=.jpg\" alt=\"Jelena Piljevi\u0107 - AD118 - Istorija dizajna\" width=\"231\" height=\"380\" \/><\/a><p class=\"jig-HTMLdescription\">Jelena Piljevi\u0107 - AD118 - Istorija dizajna<br\/><\/p><\/li><li><a href=\"https:\/\/metart.metropolitan.ac.rs\/2023\/wp-content\/uploads\/2023\/06\/Jelena-Vukosavljevic-AD118-Istorija-dizajna-2-1024x724.jpg\"><img loading=\"lazy\" decoding=\"async\" src=\"https:\/\/metart.metropolitan.ac.rs\/2023\/wp-content\/plugins\/justified-image-grid\/timthumb.php?src=https%3A%2F%2Fmetart.metropolitan.ac.rs%2F2023%2Fwp-content%2Fuploads%2F2023%2F06%2FJelena-Vukosavljevic-AD118-Istorija-dizajna-2-1024x724.jpg&amp;h=380&amp;q=90&amp;f=.jpg\" alt=\"Jelena Vukosavljevi\u0107 - AD118 - Istorija dizajna 2\" width=\"537\" height=\"380\" \/><\/a><p class=\"jig-HTMLdescription\">Jelena Vukosavljevi\u0107 - AD118 - Istorija dizajna 2<br\/><\/p><\/li><li><a href=\"https:\/\/metart.metropolitan.ac.rs\/2023\/wp-content\/uploads\/2023\/06\/Jelena-Vukosavljevic-AD118-Istorija-dizajna.jpg\"><img loading=\"lazy\" decoding=\"async\" src=\"https:\/\/metart.metropolitan.ac.rs\/2023\/wp-content\/plugins\/justified-image-grid\/timthumb.php?src=https%3A%2F%2Fmetart.metropolitan.ac.rs%2F2023%2Fwp-content%2Fuploads%2F2023%2F06%2FJelena-Vukosavljevic-AD118-Istorija-dizajna.jpg&amp;h=380&amp;q=90&amp;f=.jpg\" alt=\"Jelena Vukosavljevi\u0107 - AD118 - Istorija dizajna\" width=\"268\" height=\"380\" \/><\/a><p class=\"jig-HTMLdescription\">Jelena Vukosavljevi\u0107 - AD118 - Istorija dizajna<br\/><\/p><\/li><li><a href=\"https:\/\/metart.metropolitan.ac.rs\/2023\/wp-content\/uploads\/2023\/06\/Jovana-MItic-AD118-Istorija-dizajna-724x1024.png\"><img loading=\"lazy\" decoding=\"async\" src=\"https:\/\/metart.metropolitan.ac.rs\/2023\/wp-content\/plugins\/justified-image-grid\/timthumb.php?src=https%3A%2F%2Fmetart.metropolitan.ac.rs%2F2023%2Fwp-content%2Fuploads%2F2023%2F06%2FJovana-MItic-AD118-Istorija-dizajna-724x1024.png&amp;h=380&amp;q=90&amp;f=.png\" alt=\"Jovana MIti\u0107 - AD118 - Istorija dizajna\" width=\"268\" height=\"380\" \/><\/a><p class=\"jig-HTMLdescription\">Jovana MIti\u0107 - AD118 - Istorija dizajna<br\/><\/p><\/li><li><a href=\"https:\/\/metart.metropolitan.ac.rs\/2023\/wp-content\/uploads\/2023\/06\/Jovana-Popovic-AD118-Istorija-dizajna-2-724x1024.png\"><img loading=\"lazy\" decoding=\"async\" src=\"https:\/\/metart.metropolitan.ac.rs\/2023\/wp-content\/plugins\/justified-image-grid\/timthumb.php?src=https%3A%2F%2Fmetart.metropolitan.ac.rs%2F2023%2Fwp-content%2Fuploads%2F2023%2F06%2FJovana-Popovic-AD118-Istorija-dizajna-2-724x1024.png&amp;h=380&amp;q=90&amp;f=.png\" alt=\"Jovana Popovi\u0107 - AD118 - Istorija dizajna 2\" width=\"268\" height=\"380\" \/><\/a><p class=\"jig-HTMLdescription\">Jovana Popovi\u0107 - AD118 - Istorija dizajna 2<br\/><\/p><\/li><li><a href=\"https:\/\/metart.metropolitan.ac.rs\/2023\/wp-content\/uploads\/2023\/06\/Jovana-Popovic-AD118-Istorija-dizajna-1024x724.jpg\"><img loading=\"lazy\" decoding=\"async\" src=\"https:\/\/metart.metropolitan.ac.rs\/2023\/wp-content\/plugins\/justified-image-grid\/timthumb.php?src=https%3A%2F%2Fmetart.metropolitan.ac.rs%2F2023%2Fwp-content%2Fuploads%2F2023%2F06%2FJovana-Popovic-AD118-Istorija-dizajna-1024x724.jpg&amp;h=380&amp;q=90&amp;f=.jpg\" alt=\"Jovana Popovi\u0107 - AD118 - Istorija dizajna\" width=\"537\" height=\"380\" \/><\/a><p class=\"jig-HTMLdescription\">Jovana Popovi\u0107 - AD118 - Istorija dizajna<br\/><\/p><\/li><li><a href=\"https:\/\/metart.metropolitan.ac.rs\/2023\/wp-content\/uploads\/2023\/06\/Jovana-Popovic-AD118-Istorija-dizajna-724x1024.png\"><img loading=\"lazy\" decoding=\"async\" src=\"https:\/\/metart.metropolitan.ac.rs\/2023\/wp-content\/plugins\/justified-image-grid\/timthumb.php?src=https%3A%2F%2Fmetart.metropolitan.ac.rs%2F2023%2Fwp-content%2Fuploads%2F2023%2F06%2FJovana-Popovic-AD118-Istorija-dizajna-724x1024.png&amp;h=380&amp;q=90&amp;f=.png\" alt=\"Jovana Popovi\u0107 - AD118 - Istorija dizajna\" width=\"268\" height=\"380\" \/><\/a><p class=\"jig-HTMLdescription\">Jovana Popovi\u0107 - AD118 - Istorija dizajna<br\/><\/p><\/li><li><a href=\"https:\/\/metart.metropolitan.ac.rs\/2023\/wp-content\/uploads\/2023\/06\/Katarina-Stojanovic-AD118-Istorija-dizajna-2-1024x615.jpg\"><img loading=\"lazy\" decoding=\"async\" src=\"https:\/\/metart.metropolitan.ac.rs\/2023\/wp-content\/plugins\/justified-image-grid\/timthumb.php?src=https%3A%2F%2Fmetart.metropolitan.ac.rs%2F2023%2Fwp-content%2Fuploads%2F2023%2F06%2FKatarina-Stojanovic-AD118-Istorija-dizajna-2-1024x615.jpg&amp;h=380&amp;q=90&amp;f=.jpg\" alt=\"Katarina Stojanovi\u0107 - AD118 - Istorija dizajna 2\" width=\"632\" height=\"380\" \/><\/a><p class=\"jig-HTMLdescription\">Katarina Stojanovi\u0107 - AD118 - Istorija dizajna 2<br\/><\/p><\/li><li><a href=\"https:\/\/metart.metropolitan.ac.rs\/2023\/wp-content\/uploads\/2023\/06\/Katarina-Stojanovic-AD118-Istorija-dizajna-3-1024x615.jpg\"><img loading=\"lazy\" decoding=\"async\" src=\"https:\/\/metart.metropolitan.ac.rs\/2023\/wp-content\/plugins\/justified-image-grid\/timthumb.php?src=https%3A%2F%2Fmetart.metropolitan.ac.rs%2F2023%2Fwp-content%2Fuploads%2F2023%2F06%2FKatarina-Stojanovic-AD118-Istorija-dizajna-3-1024x615.jpg&amp;h=380&amp;q=90&amp;f=.jpg\" alt=\"Katarina Stojanovi\u0107 - AD118 - Istorija dizajna 3\" width=\"632\" height=\"380\" \/><\/a><p class=\"jig-HTMLdescription\">Katarina Stojanovi\u0107 - AD118 - Istorija dizajna 3<br\/><\/p><\/li><li><a href=\"https:\/\/metart.metropolitan.ac.rs\/2023\/wp-content\/uploads\/2023\/06\/Katarina-Stojanovic-AD118-Istorija-dizajna-4.jpg\"><img loading=\"lazy\" decoding=\"async\" src=\"https:\/\/metart.metropolitan.ac.rs\/2023\/wp-content\/plugins\/justified-image-grid\/timthumb.php?src=https%3A%2F%2Fmetart.metropolitan.ac.rs%2F2023%2Fwp-content%2Fuploads%2F2023%2F06%2FKatarina-Stojanovic-AD118-Istorija-dizajna-4.jpg&amp;h=380&amp;q=90&amp;f=.jpg\" alt=\"Katarina Stojanovi\u0107 - AD118 - Istorija dizajna 4\" width=\"289\" height=\"380\" \/><\/a><p class=\"jig-HTMLdescription\">Katarina Stojanovi\u0107 - AD118 - Istorija dizajna 4<br\/><\/p><\/li><li><a href=\"https:\/\/metart.metropolitan.ac.rs\/2023\/wp-content\/uploads\/2023\/06\/Katarina-Stojanovic-AD118-Istorija-dizajna.jpg\"><img loading=\"lazy\" decoding=\"async\" src=\"https:\/\/metart.metropolitan.ac.rs\/2023\/wp-content\/plugins\/justified-image-grid\/timthumb.php?src=https%3A%2F%2Fmetart.metropolitan.ac.rs%2F2023%2Fwp-content%2Fuploads%2F2023%2F06%2FKatarina-Stojanovic-AD118-Istorija-dizajna.jpg&amp;h=380&amp;q=90&amp;f=.jpg\" alt=\"Katarina Stojanovi\u0107 - AD118 - Istorija dizajna\" width=\"289\" height=\"380\" \/><\/a><p class=\"jig-HTMLdescription\">Katarina Stojanovi\u0107 - AD118 - Istorija dizajna<br\/><\/p><\/li><li><a href=\"https:\/\/metart.metropolitan.ac.rs\/2023\/wp-content\/uploads\/2023\/06\/Ksenija-Kriukova-AD118-Istorija-dizajna-2-831x1024.png\"><img loading=\"lazy\" decoding=\"async\" src=\"https:\/\/metart.metropolitan.ac.rs\/2023\/wp-content\/plugins\/justified-image-grid\/timthumb.php?src=https%3A%2F%2Fmetart.metropolitan.ac.rs%2F2023%2Fwp-content%2Fuploads%2F2023%2F06%2FKsenija-Kriukova-AD118-Istorija-dizajna-2-831x1024.png&amp;h=380&amp;q=90&amp;f=.png\" alt=\"Ksenija Kriukova - AD118 - Istorija dizajna 2\" width=\"308\" height=\"380\" \/><\/a><p class=\"jig-HTMLdescription\">Ksenija Kriukova - AD118 - Istorija dizajna 2<br\/><\/p><\/li><li><a href=\"https:\/\/metart.metropolitan.ac.rs\/2023\/wp-content\/uploads\/2023\/06\/Ksenija-Kriukova-AD118-Istorija-dizajna-1024x724.png\"><img loading=\"lazy\" decoding=\"async\" src=\"https:\/\/metart.metropolitan.ac.rs\/2023\/wp-content\/plugins\/justified-image-grid\/timthumb.php?src=https%3A%2F%2Fmetart.metropolitan.ac.rs%2F2023%2Fwp-content%2Fuploads%2F2023%2F06%2FKsenija-Kriukova-AD118-Istorija-dizajna-1024x724.png&amp;h=380&amp;q=90&amp;f=.png\" alt=\"Ksenija Kriukova - AD118 - Istorija dizajna\" width=\"537\" height=\"380\" \/><\/a><p class=\"jig-HTMLdescription\">Ksenija Kriukova - AD118 - Istorija dizajna<br\/><\/p><\/li><li><a href=\"https:\/\/metart.metropolitan.ac.rs\/2023\/wp-content\/uploads\/2023\/06\/Ksenija-Zajovic-AD118-Istorija-dizajna-2-1024x724.png\"><img loading=\"lazy\" decoding=\"async\" src=\"https:\/\/metart.metropolitan.ac.rs\/2023\/wp-content\/plugins\/justified-image-grid\/timthumb.php?src=https%3A%2F%2Fmetart.metropolitan.ac.rs%2F2023%2Fwp-content%2Fuploads%2F2023%2F06%2FKsenija-Zajovic-AD118-Istorija-dizajna-2-1024x724.png&amp;h=380&amp;q=90&amp;f=.png\" alt=\"Ksenija Zajovi\u0107 - AD118 - Istorija dizajna 2\" width=\"537\" height=\"380\" \/><\/a><p class=\"jig-HTMLdescription\">Ksenija Zajovi\u0107 - AD118 - Istorija dizajna 2<br\/><\/p><\/li><li><a href=\"https:\/\/metart.metropolitan.ac.rs\/2023\/wp-content\/uploads\/2023\/06\/Ksenija-Zajovic-AD118-Istorija-dizajna-728x1024.jpg\"><img loading=\"lazy\" decoding=\"async\" src=\"https:\/\/metart.metropolitan.ac.rs\/2023\/wp-content\/plugins\/justified-image-grid\/timthumb.php?src=https%3A%2F%2Fmetart.metropolitan.ac.rs%2F2023%2Fwp-content%2Fuploads%2F2023%2F06%2FKsenija-Zajovic-AD118-Istorija-dizajna-728x1024.jpg&amp;h=380&amp;q=90&amp;f=.jpg\" alt=\"Ksenija Zajovi\u0107 - AD118 - Istorija dizajna\" width=\"270\" height=\"380\" \/><\/a><p class=\"jig-HTMLdescription\">Ksenija Zajovi\u0107 - AD118 - Istorija dizajna<br\/><\/p><\/li><li><a href=\"https:\/\/metart.metropolitan.ac.rs\/2023\/wp-content\/uploads\/2023\/06\/Lana-Dacic-AD118-Istorija-dizajna-810x1024.png\"><img loading=\"lazy\" decoding=\"async\" src=\"https:\/\/metart.metropolitan.ac.rs\/2023\/wp-content\/plugins\/justified-image-grid\/timthumb.php?src=https%3A%2F%2Fmetart.metropolitan.ac.rs%2F2023%2Fwp-content%2Fuploads%2F2023%2F06%2FLana-Dacic-AD118-Istorija-dizajna-810x1024.png&amp;h=380&amp;q=90&amp;f=.png\" alt=\"Lana Da\u010di\u0107- AD118 - Istorija dizajna\" width=\"300\" height=\"380\" \/><\/a><p class=\"jig-HTMLdescription\">Lana Da\u010di\u0107- AD118 - Istorija dizajna<br\/><\/p><\/li><li><a href=\"https:\/\/metart.metropolitan.ac.rs\/2023\/wp-content\/uploads\/2023\/06\/Lazar-Ivkovic-AD118-Istorija-dizajna-2-731x1024.png\"><img loading=\"lazy\" decoding=\"async\" src=\"https:\/\/metart.metropolitan.ac.rs\/2023\/wp-content\/plugins\/justified-image-grid\/timthumb.php?src=https%3A%2F%2Fmetart.metropolitan.ac.rs%2F2023%2Fwp-content%2Fuploads%2F2023%2F06%2FLazar-Ivkovic-AD118-Istorija-dizajna-2-731x1024.png&amp;h=380&amp;q=90&amp;f=.png\" alt=\"Lazar Ivkovi\u0107 - AD118 - Istorija dizajna 2\" width=\"271\" height=\"380\" \/><\/a><p class=\"jig-HTMLdescription\">Lazar Ivkovi\u0107 - AD118 - Istorija dizajna 2<br\/><\/p><\/li><li><a href=\"https:\/\/metart.metropolitan.ac.rs\/2023\/wp-content\/uploads\/2023\/06\/Lazar-Ivkovic-AD118-Istorija-dizajna-1024x724.png\"><img loading=\"lazy\" decoding=\"async\" src=\"https:\/\/metart.metropolitan.ac.rs\/2023\/wp-content\/plugins\/justified-image-grid\/timthumb.php?src=https%3A%2F%2Fmetart.metropolitan.ac.rs%2F2023%2Fwp-content%2Fuploads%2F2023%2F06%2FLazar-Ivkovic-AD118-Istorija-dizajna-1024x724.png&amp;h=380&amp;q=90&amp;f=.png\" alt=\"Lazar Ivkovi\u0107 - AD118 - Istorija dizajna\" width=\"537\" height=\"380\" \/><\/a><p class=\"jig-HTMLdescription\">Lazar Ivkovi\u0107 - AD118 - Istorija dizajna<br\/><\/p><\/li><li><a href=\"https:\/\/metart.metropolitan.ac.rs\/2023\/wp-content\/uploads\/2023\/06\/Marija-Aleksic-AD118-Istorija-dizajna-724x1024.jpg\"><img loading=\"lazy\" decoding=\"async\" src=\"https:\/\/metart.metropolitan.ac.rs\/2023\/wp-content\/plugins\/justified-image-grid\/timthumb.php?src=https%3A%2F%2Fmetart.metropolitan.ac.rs%2F2023%2Fwp-content%2Fuploads%2F2023%2F06%2FMarija-Aleksic-AD118-Istorija-dizajna-724x1024.jpg&amp;h=380&amp;q=90&amp;f=.jpg\" alt=\"Marija Aleksi\u0107 - AD118 - Istorija dizajna\" width=\"268\" height=\"380\" \/><\/a><p class=\"jig-HTMLdescription\">Marija Aleksi\u0107 - AD118 - Istorija dizajna<br\/><\/p><\/li><li><a href=\"https:\/\/metart.metropolitan.ac.rs\/2023\/wp-content\/uploads\/2023\/06\/Marija-Pavlovic-AD118-Istorija-dizajna-2-725x1024.png\"><img loading=\"lazy\" decoding=\"async\" src=\"https:\/\/metart.metropolitan.ac.rs\/2023\/wp-content\/plugins\/justified-image-grid\/timthumb.php?src=https%3A%2F%2Fmetart.metropolitan.ac.rs%2F2023%2Fwp-content%2Fuploads%2F2023%2F06%2FMarija-Pavlovic-AD118-Istorija-dizajna-2-725x1024.png&amp;h=380&amp;q=90&amp;f=.png\" alt=\"Marija Pavlovi\u0107 - AD118 - Istorija dizajna 2\" width=\"269\" height=\"380\" \/><\/a><p class=\"jig-HTMLdescription\">Marija Pavlovi\u0107 - AD118 - Istorija dizajna 2<br\/><\/p><\/li><li><a href=\"https:\/\/metart.metropolitan.ac.rs\/2023\/wp-content\/uploads\/2023\/06\/Marija-Pavlovic-AD118-Istorija-dizajna-1024x724.png\"><img loading=\"lazy\" decoding=\"async\" src=\"https:\/\/metart.metropolitan.ac.rs\/2023\/wp-content\/plugins\/justified-image-grid\/timthumb.php?src=https%3A%2F%2Fmetart.metropolitan.ac.rs%2F2023%2Fwp-content%2Fuploads%2F2023%2F06%2FMarija-Pavlovic-AD118-Istorija-dizajna-1024x724.png&amp;h=380&amp;q=90&amp;f=.png\" alt=\"Marija Pavlovi\u0107 - AD118 - Istorija dizajna\" width=\"537\" height=\"380\" \/><\/a><p class=\"jig-HTMLdescription\">Marija Pavlovi\u0107 - AD118 - Istorija dizajna<br\/><\/p><\/li><li><a href=\"https:\/\/metart.metropolitan.ac.rs\/2023\/wp-content\/uploads\/2023\/06\/Marija-Rakic-AD118-Istorija-dizajna-2-724x1024.jpg\"><img loading=\"lazy\" decoding=\"async\" src=\"https:\/\/metart.metropolitan.ac.rs\/2023\/wp-content\/plugins\/justified-image-grid\/timthumb.php?src=https%3A%2F%2Fmetart.metropolitan.ac.rs%2F2023%2Fwp-content%2Fuploads%2F2023%2F06%2FMarija-Rakic-AD118-Istorija-dizajna-2-724x1024.jpg&amp;h=380&amp;q=90&amp;f=.jpg\" alt=\"Marija Raki\u0107 - AD118 - Istorija dizajna 2\" width=\"268\" height=\"380\" \/><\/a><p class=\"jig-HTMLdescription\">Marija Raki\u0107 - AD118 - Istorija dizajna 2<br\/><\/p><\/li><li><a href=\"https:\/\/metart.metropolitan.ac.rs\/2023\/wp-content\/uploads\/2023\/06\/Marija-Rakic-AD118-Istorija-dizajna-1024x724.jpg\"><img loading=\"lazy\" decoding=\"async\" src=\"https:\/\/metart.metropolitan.ac.rs\/2023\/wp-content\/plugins\/justified-image-grid\/timthumb.php?src=https%3A%2F%2Fmetart.metropolitan.ac.rs%2F2023%2Fwp-content%2Fuploads%2F2023%2F06%2FMarija-Rakic-AD118-Istorija-dizajna-1024x724.jpg&amp;h=380&amp;q=90&amp;f=.jpg\" alt=\"Marija Raki\u0107 - AD118 - Istorija dizajna\" width=\"537\" height=\"380\" \/><\/a><p class=\"jig-HTMLdescription\">Marija Raki\u0107 - AD118 - Istorija dizajna<br\/><\/p><\/li><li><a href=\"https:\/\/metart.metropolitan.ac.rs\/2023\/wp-content\/uploads\/2023\/06\/Matei-Ram-AD118-Istorija-dizajna-2-724x1024.jpg\"><img loading=\"lazy\" decoding=\"async\" src=\"https:\/\/metart.metropolitan.ac.rs\/2023\/wp-content\/plugins\/justified-image-grid\/timthumb.php?src=https%3A%2F%2Fmetart.metropolitan.ac.rs%2F2023%2Fwp-content%2Fuploads%2F2023%2F06%2FMatei-Ram-AD118-Istorija-dizajna-2-724x1024.jpg&amp;h=380&amp;q=90&amp;f=.jpg\" alt=\"Matei Ram - AD118 - Istorija dizajna 2\" width=\"268\" height=\"380\" \/><\/a><p class=\"jig-HTMLdescription\">Matei Ram - AD118 - Istorija dizajna 2<br\/><\/p><\/li><li><a href=\"https:\/\/metart.metropolitan.ac.rs\/2023\/wp-content\/uploads\/2023\/06\/Matei-Ram-AD118-Istorija-dizajna-1024x724.jpg\"><img loading=\"lazy\" decoding=\"async\" src=\"https:\/\/metart.metropolitan.ac.rs\/2023\/wp-content\/plugins\/justified-image-grid\/timthumb.php?src=https%3A%2F%2Fmetart.metropolitan.ac.rs%2F2023%2Fwp-content%2Fuploads%2F2023%2F06%2FMatei-Ram-AD118-Istorija-dizajna-1024x724.jpg&amp;h=380&amp;q=90&amp;f=.jpg\" alt=\"Matei Ram - AD118 - Istorija dizajna\" width=\"537\" height=\"380\" \/><\/a><p class=\"jig-HTMLdescription\">Matei Ram - AD118 - Istorija dizajna<br\/><\/p><\/li><li><a href=\"https:\/\/metart.metropolitan.ac.rs\/2023\/wp-content\/uploads\/2023\/06\/Mateja-Tripunovic-AD118-Istorija-dizajna-724x1024.jpg\"><img loading=\"lazy\" decoding=\"async\" src=\"https:\/\/metart.metropolitan.ac.rs\/2023\/wp-content\/plugins\/justified-image-grid\/timthumb.php?src=https%3A%2F%2Fmetart.metropolitan.ac.rs%2F2023%2Fwp-content%2Fuploads%2F2023%2F06%2FMateja-Tripunovic-AD118-Istorija-dizajna-724x1024.jpg&amp;h=380&amp;q=90&amp;f=.jpg\" alt=\"Mateja Tripunovi\u0107 - AD118 - Istorija dizajna\" width=\"268\" height=\"380\" \/><\/a><p class=\"jig-HTMLdescription\">Mateja Tripunovi\u0107 - AD118 - Istorija dizajna<br\/><\/p><\/li><li><a href=\"https:\/\/metart.metropolitan.ac.rs\/2023\/wp-content\/uploads\/2023\/06\/Matija-Bozovic-AD118-Istorija-dizajna-724x1024.jpg\"><img loading=\"lazy\" decoding=\"async\" src=\"https:\/\/metart.metropolitan.ac.rs\/2023\/wp-content\/plugins\/justified-image-grid\/timthumb.php?src=https%3A%2F%2Fmetart.metropolitan.ac.rs%2F2023%2Fwp-content%2Fuploads%2F2023%2F06%2FMatija-Bozovic-AD118-Istorija-dizajna-724x1024.jpg&amp;h=380&amp;q=90&amp;f=.jpg\" alt=\"Matija Bo\u017eovi\u0107 - AD118 - Istorija dizajna\" width=\"268\" height=\"380\" \/><\/a><p class=\"jig-HTMLdescription\">Matija Bo\u017eovi\u0107 - AD118 - Istorija dizajna<br\/><\/p><\/li><li><a href=\"https:\/\/metart.metropolitan.ac.rs\/2023\/wp-content\/uploads\/2023\/06\/Miahilo-Novkovic-AD118-Istorija-dizajna-724x1024.jpg\"><img loading=\"lazy\" decoding=\"async\" src=\"https:\/\/metart.metropolitan.ac.rs\/2023\/wp-content\/plugins\/justified-image-grid\/timthumb.php?src=https%3A%2F%2Fmetart.metropolitan.ac.rs%2F2023%2Fwp-content%2Fuploads%2F2023%2F06%2FMiahilo-Novkovic-AD118-Istorija-dizajna-724x1024.jpg&amp;h=380&amp;q=90&amp;f=.jpg\" alt=\"Miahilo Novkovi\u0107 - AD118 - Istorija dizajna\" width=\"268\" height=\"380\" \/><\/a><p class=\"jig-HTMLdescription\">Miahilo Novkovi\u0107 - AD118 - Istorija dizajna<br\/><\/p><\/li><li><a href=\"https:\/\/metart.metropolitan.ac.rs\/2023\/wp-content\/uploads\/2023\/06\/Mila-Pavicevic-AD118-Istorija-dizajna.jpg\"><img loading=\"lazy\" decoding=\"async\" src=\"https:\/\/metart.metropolitan.ac.rs\/2023\/wp-content\/plugins\/justified-image-grid\/timthumb.php?src=https%3A%2F%2Fmetart.metropolitan.ac.rs%2F2023%2Fwp-content%2Fuploads%2F2023%2F06%2FMila-Pavicevic-AD118-Istorija-dizajna.jpg&amp;h=380&amp;q=90&amp;f=.jpg\" alt=\"Mila Pavi\u0107evi\u0107 - AD118 - Istorija dizajna\" width=\"268\" height=\"380\" \/><\/a><p class=\"jig-HTMLdescription\">Mila Pavi\u0107evi\u0107 - AD118 - Istorija dizajna<br\/><\/p><\/li><li><a href=\"https:\/\/metart.metropolitan.ac.rs\/2023\/wp-content\/uploads\/2023\/06\/Milica-Nikolov-AD118-Istorija-dizajna-724x1024.png\"><img loading=\"lazy\" decoding=\"async\" src=\"https:\/\/metart.metropolitan.ac.rs\/2023\/wp-content\/plugins\/justified-image-grid\/timthumb.php?src=https%3A%2F%2Fmetart.metropolitan.ac.rs%2F2023%2Fwp-content%2Fuploads%2F2023%2F06%2FMilica-Nikolov-AD118-Istorija-dizajna-724x1024.png&amp;h=380&amp;q=90&amp;f=.png\" alt=\"Milica Nikolov - AD118 - Istorija dizajna\" width=\"268\" height=\"380\" \/><\/a><p class=\"jig-HTMLdescription\">Milica Nikolov - AD118 - Istorija dizajna<br\/><\/p><\/li><li><a href=\"https:\/\/metart.metropolitan.ac.rs\/2023\/wp-content\/uploads\/2023\/06\/Mina-Markovic-AD118-Istorija-dizajna-1024x724.png\"><img loading=\"lazy\" decoding=\"async\" src=\"https:\/\/metart.metropolitan.ac.rs\/2023\/wp-content\/plugins\/justified-image-grid\/timthumb.php?src=https%3A%2F%2Fmetart.metropolitan.ac.rs%2F2023%2Fwp-content%2Fuploads%2F2023%2F06%2FMina-Markovic-AD118-Istorija-dizajna-1024x724.png&amp;h=380&amp;q=90&amp;f=.png\" alt=\"Mina Markovi\u0107 - AD118 - Istorija dizajna\" width=\"537\" height=\"380\" \/><\/a><p class=\"jig-HTMLdescription\">Mina Markovi\u0107 - AD118 - Istorija dizajna<br\/><\/p><\/li><li><a href=\"https:\/\/metart.metropolitan.ac.rs\/2023\/wp-content\/uploads\/2023\/06\/Mina-Stepanovic-AD118-Istorija-dizajna-724x1024.jpg\"><img loading=\"lazy\" decoding=\"async\" src=\"https:\/\/metart.metropolitan.ac.rs\/2023\/wp-content\/plugins\/justified-image-grid\/timthumb.php?src=https%3A%2F%2Fmetart.metropolitan.ac.rs%2F2023%2Fwp-content%2Fuploads%2F2023%2F06%2FMina-Stepanovic-AD118-Istorija-dizajna-724x1024.jpg&amp;h=380&amp;q=90&amp;f=.jpg\" alt=\"Mina Stepanovi\u0107 - AD118 - Istorija dizajna\" width=\"268\" height=\"380\" \/><\/a><p class=\"jig-HTMLdescription\">Mina Stepanovi\u0107 - AD118 - Istorija dizajna<br\/><\/p><\/li><li><a href=\"https:\/\/metart.metropolitan.ac.rs\/2023\/wp-content\/uploads\/2023\/06\/Momir-Veselinovic-AD118-Istorija-dizajna-724x1024.jpg\"><img loading=\"lazy\" decoding=\"async\" src=\"https:\/\/metart.metropolitan.ac.rs\/2023\/wp-content\/plugins\/justified-image-grid\/timthumb.php?src=https%3A%2F%2Fmetart.metropolitan.ac.rs%2F2023%2Fwp-content%2Fuploads%2F2023%2F06%2FMomir-Veselinovic-AD118-Istorija-dizajna-724x1024.jpg&amp;h=380&amp;q=90&amp;f=.jpg\" alt=\"Momir Veselinovi\u0107 - AD118 - Istorija dizajna\" width=\"268\" height=\"380\" \/><\/a><p class=\"jig-HTMLdescription\">Momir Veselinovi\u0107 - AD118 - Istorija dizajna<br\/><\/p><\/li><li><a href=\"https:\/\/metart.metropolitan.ac.rs\/2023\/wp-content\/uploads\/2023\/06\/Nemanja-Vuckovic-AD118-Istorija-dizajna-2-1024x724.jpg\"><img loading=\"lazy\" decoding=\"async\" src=\"https:\/\/metart.metropolitan.ac.rs\/2023\/wp-content\/plugins\/justified-image-grid\/timthumb.php?src=https%3A%2F%2Fmetart.metropolitan.ac.rs%2F2023%2Fwp-content%2Fuploads%2F2023%2F06%2FNemanja-Vuckovic-AD118-Istorija-dizajna-2-1024x724.jpg&amp;h=380&amp;q=90&amp;f=.jpg\" alt=\"Nemanja Vu\u010dkovi\u0107 - AD118 - Istorija dizajna 2\" width=\"537\" height=\"380\" \/><\/a><p class=\"jig-HTMLdescription\">Nemanja Vu\u010dkovi\u0107 - AD118 - Istorija dizajna 2<br\/><\/p><\/li><li><a href=\"https:\/\/metart.metropolitan.ac.rs\/2023\/wp-content\/uploads\/2023\/06\/Nemanja-Vuckovic-AD118-Istorija-dizajna.jpg\"><img loading=\"lazy\" decoding=\"async\" src=\"https:\/\/metart.metropolitan.ac.rs\/2023\/wp-content\/plugins\/justified-image-grid\/timthumb.php?src=https%3A%2F%2Fmetart.metropolitan.ac.rs%2F2023%2Fwp-content%2Fuploads%2F2023%2F06%2FNemanja-Vuckovic-AD118-Istorija-dizajna.jpg&amp;h=380&amp;q=90&amp;f=.jpg\" alt=\"Nemanja Vu\u010dkovi\u0107 - AD118 - Istorija dizajna\" width=\"268\" height=\"380\" \/><\/a><p class=\"jig-HTMLdescription\">Nemanja Vu\u010dkovi\u0107 - AD118 - Istorija dizajna<br\/><\/p><\/li><li><a href=\"https:\/\/metart.metropolitan.ac.rs\/2023\/wp-content\/uploads\/2023\/06\/Nemanja-Vukas-AD118-Istorija-dizajna-724x1024.jpg\"><img loading=\"lazy\" decoding=\"async\" src=\"https:\/\/metart.metropolitan.ac.rs\/2023\/wp-content\/plugins\/justified-image-grid\/timthumb.php?src=https%3A%2F%2Fmetart.metropolitan.ac.rs%2F2023%2Fwp-content%2Fuploads%2F2023%2F06%2FNemanja-Vukas-AD118-Istorija-dizajna-724x1024.jpg&amp;h=380&amp;q=90&amp;f=.jpg\" alt=\"Nemanja Vukas - AD118 - Istorija dizajna\" width=\"268\" height=\"380\" \/><\/a><p class=\"jig-HTMLdescription\">Nemanja Vukas - AD118 - Istorija dizajna<br\/><\/p><\/li><li><a href=\"https:\/\/metart.metropolitan.ac.rs\/2023\/wp-content\/uploads\/2023\/06\/Nevena-Vaskovic-AD118-Istorija-dizajna-666x1024.png\"><img loading=\"lazy\" decoding=\"async\" src=\"https:\/\/metart.metropolitan.ac.rs\/2023\/wp-content\/plugins\/justified-image-grid\/timthumb.php?src=https%3A%2F%2Fmetart.metropolitan.ac.rs%2F2023%2Fwp-content%2Fuploads%2F2023%2F06%2FNevena-Vaskovic-AD118-Istorija-dizajna-666x1024.png&amp;h=380&amp;q=90&amp;f=.png\" alt=\"Nevena Vaskovi\u0107 - AD118 - Istorija dizajna\" width=\"247\" height=\"380\" \/><\/a><p class=\"jig-HTMLdescription\">Nevena Vaskovi\u0107 - AD118 - Istorija dizajna<br\/><\/p><\/li><li><a href=\"https:\/\/metart.metropolitan.ac.rs\/2023\/wp-content\/uploads\/2023\/06\/Nora-Griner-AD118-Istorija-dizajna-724x1024.jpg\"><img loading=\"lazy\" decoding=\"async\" src=\"https:\/\/metart.metropolitan.ac.rs\/2023\/wp-content\/plugins\/justified-image-grid\/timthumb.php?src=https%3A%2F%2Fmetart.metropolitan.ac.rs%2F2023%2Fwp-content%2Fuploads%2F2023%2F06%2FNora-Griner-AD118-Istorija-dizajna-724x1024.jpg&amp;h=380&amp;q=90&amp;f=.jpg\" alt=\"Nora Griner - AD118 - Istorija dizajna\" width=\"268\" height=\"380\" \/><\/a><p class=\"jig-HTMLdescription\">Nora Griner - AD118 - Istorija dizajna<br\/><\/p><\/li><li><a href=\"https:\/\/metart.metropolitan.ac.rs\/2023\/wp-content\/uploads\/2023\/06\/Ognjen-Markovic-AD118-Istorija-dizajna-2-724x1024.png\"><img loading=\"lazy\" decoding=\"async\" src=\"https:\/\/metart.metropolitan.ac.rs\/2023\/wp-content\/plugins\/justified-image-grid\/timthumb.php?src=https%3A%2F%2Fmetart.metropolitan.ac.rs%2F2023%2Fwp-content%2Fuploads%2F2023%2F06%2FOgnjen-Markovic-AD118-Istorija-dizajna-2-724x1024.png&amp;h=380&amp;q=90&amp;f=.png\" alt=\"Ognjen Markovi\u0107 - AD118 - Istorija dizajna 2\" width=\"268\" height=\"380\" \/><\/a><p class=\"jig-HTMLdescription\">Ognjen Markovi\u0107 - AD118 - Istorija dizajna 2<br\/><\/p><\/li><li><a href=\"https:\/\/metart.metropolitan.ac.rs\/2023\/wp-content\/uploads\/2023\/06\/Ognjen-Markovic-AD118-Istorija-dizajna-1024x724.png\"><img loading=\"lazy\" decoding=\"async\" src=\"https:\/\/metart.metropolitan.ac.rs\/2023\/wp-content\/plugins\/justified-image-grid\/timthumb.php?src=https%3A%2F%2Fmetart.metropolitan.ac.rs%2F2023%2Fwp-content%2Fuploads%2F2023%2F06%2FOgnjen-Markovic-AD118-Istorija-dizajna-1024x724.png&amp;h=380&amp;q=90&amp;f=.png\" alt=\"Ognjen Markovi\u0107 - AD118 - Istorija dizajna\" width=\"537\" height=\"380\" \/><\/a><p class=\"jig-HTMLdescription\">Ognjen Markovi\u0107 - AD118 - Istorija dizajna<br\/><\/p><\/li><li><a href=\"https:\/\/metart.metropolitan.ac.rs\/2023\/wp-content\/uploads\/2023\/06\/Ognjen-Zivkovic-AD118-Istorija-dizajna-724x1024.png\"><img loading=\"lazy\" decoding=\"async\" src=\"https:\/\/metart.metropolitan.ac.rs\/2023\/wp-content\/plugins\/justified-image-grid\/timthumb.php?src=https%3A%2F%2Fmetart.metropolitan.ac.rs%2F2023%2Fwp-content%2Fuploads%2F2023%2F06%2FOgnjen-Zivkovic-AD118-Istorija-dizajna-724x1024.png&amp;h=380&amp;q=90&amp;f=.png\" alt=\"Ognjen \u017divkovi\u0107 - AD118 - Istorija dizajna\" width=\"268\" height=\"380\" \/><\/a><p class=\"jig-HTMLdescription\">Ognjen \u017divkovi\u0107 - AD118 - Istorija dizajna<br\/><\/p><\/li><li><a href=\"https:\/\/metart.metropolitan.ac.rs\/2023\/wp-content\/uploads\/2023\/06\/Oliver-Indjic-AD118-Istorija-dizajna.jpg\"><img loading=\"lazy\" decoding=\"async\" src=\"https:\/\/metart.metropolitan.ac.rs\/2023\/wp-content\/plugins\/justified-image-grid\/timthumb.php?src=https%3A%2F%2Fmetart.metropolitan.ac.rs%2F2023%2Fwp-content%2Fuploads%2F2023%2F06%2FOliver-Indjic-AD118-Istorija-dizajna.jpg&amp;h=380&amp;q=90&amp;f=.jpg\" alt=\"Oliver In\u0111i\u0107 - AD118 - Istorija dizajna\" width=\"268\" height=\"380\" \/><\/a><p class=\"jig-HTMLdescription\">Oliver In\u0111i\u0107 - AD118 - Istorija dizajna<br\/><\/p><\/li><li><a href=\"https:\/\/metart.metropolitan.ac.rs\/2023\/wp-content\/uploads\/2023\/06\/Petar-Gavrilovic-AD118-Istorija-dizajna-724x1024.jpg\"><img loading=\"lazy\" decoding=\"async\" src=\"https:\/\/metart.metropolitan.ac.rs\/2023\/wp-content\/plugins\/justified-image-grid\/timthumb.php?src=https%3A%2F%2Fmetart.metropolitan.ac.rs%2F2023%2Fwp-content%2Fuploads%2F2023%2F06%2FPetar-Gavrilovic-AD118-Istorija-dizajna-724x1024.jpg&amp;h=380&amp;q=90&amp;f=.jpg\" alt=\"Petar Gavrilovi\u0107 - AD118 - Istorija dizajna\" width=\"268\" height=\"380\" \/><\/a><p class=\"jig-HTMLdescription\">Petar Gavrilovi\u0107 - AD118 - Istorija dizajna<br\/><\/p><\/li><li><a href=\"https:\/\/metart.metropolitan.ac.rs\/2023\/wp-content\/uploads\/2023\/06\/Strahinja-Persic-AD118-Istorija-dizajna-724x1024.jpg\"><img loading=\"lazy\" decoding=\"async\" src=\"https:\/\/metart.metropolitan.ac.rs\/2023\/wp-content\/plugins\/justified-image-grid\/timthumb.php?src=https%3A%2F%2Fmetart.metropolitan.ac.rs%2F2023%2Fwp-content%2Fuploads%2F2023%2F06%2FStrahinja-Persic-AD118-Istorija-dizajna-724x1024.jpg&amp;h=380&amp;q=90&amp;f=.jpg\" alt=\"Strahinja Per\u0161i\u0107 - AD118 - Istorija dizajna\" width=\"268\" height=\"380\" \/><\/a><p class=\"jig-HTMLdescription\">Strahinja Per\u0161i\u0107 - AD118 - Istorija dizajna<br\/><\/p><\/li><li><a href=\"https:\/\/metart.metropolitan.ac.rs\/2023\/wp-content\/uploads\/2023\/06\/Strahinja-Vukic-AD118-Istorija-dizajna-2-724x1024.png\"><img loading=\"lazy\" decoding=\"async\" src=\"https:\/\/metart.metropolitan.ac.rs\/2023\/wp-content\/plugins\/justified-image-grid\/timthumb.php?src=https%3A%2F%2Fmetart.metropolitan.ac.rs%2F2023%2Fwp-content%2Fuploads%2F2023%2F06%2FStrahinja-Vukic-AD118-Istorija-dizajna-2-724x1024.png&amp;h=380&amp;q=90&amp;f=.png\" alt=\"Strahinja Vuki\u0107 - AD118 - Istorija dizajna 2\" width=\"268\" height=\"380\" \/><\/a><p class=\"jig-HTMLdescription\">Strahinja Vuki\u0107 - AD118 - Istorija dizajna 2<br\/><\/p><\/li><li><a href=\"https:\/\/metart.metropolitan.ac.rs\/2023\/wp-content\/uploads\/2023\/06\/Strahinja-Vukic-AD118-Istorija-dizajna-1024x576.png\"><img loading=\"lazy\" decoding=\"async\" src=\"https:\/\/metart.metropolitan.ac.rs\/2023\/wp-content\/plugins\/justified-image-grid\/timthumb.php?src=https%3A%2F%2Fmetart.metropolitan.ac.rs%2F2023%2Fwp-content%2Fuploads%2F2023%2F06%2FStrahinja-Vukic-AD118-Istorija-dizajna-1024x576.png&amp;h=380&amp;q=90&amp;f=.png\" alt=\"Strahinja Vuki\u0107 - AD118 - Istorija dizajna\" width=\"675\" height=\"380\" \/><\/a><p class=\"jig-HTMLdescription\">Strahinja Vuki\u0107 - AD118 - Istorija dizajna<br\/><\/p><\/li><li><a href=\"https:\/\/metart.metropolitan.ac.rs\/2023\/wp-content\/uploads\/2023\/06\/Tijana-Pekovic-AD118-Istorija-dizajna-724x1024.jpg\"><img loading=\"lazy\" decoding=\"async\" src=\"https:\/\/metart.metropolitan.ac.rs\/2023\/wp-content\/plugins\/justified-image-grid\/timthumb.php?src=https%3A%2F%2Fmetart.metropolitan.ac.rs%2F2023%2Fwp-content%2Fuploads%2F2023%2F06%2FTijana-Pekovic-AD118-Istorija-dizajna-724x1024.jpg&amp;h=380&amp;q=90&amp;f=.jpg\" alt=\"Tijana Pekovi\u0107 - AD118 - Istorija dizajna\" width=\"268\" height=\"380\" \/><\/a><p class=\"jig-HTMLdescription\">Tijana Pekovi\u0107 - AD118 - Istorija dizajna<br\/><\/p><\/li><li><a href=\"https:\/\/metart.metropolitan.ac.rs\/2023\/wp-content\/uploads\/2023\/06\/Uros-Culibrk-AD118-Istorija-dizajna-728x1024.png\"><img loading=\"lazy\" decoding=\"async\" src=\"https:\/\/metart.metropolitan.ac.rs\/2023\/wp-content\/plugins\/justified-image-grid\/timthumb.php?src=https%3A%2F%2Fmetart.metropolitan.ac.rs%2F2023%2Fwp-content%2Fuploads%2F2023%2F06%2FUros-Culibrk-AD118-Istorija-dizajna-728x1024.png&amp;h=380&amp;q=90&amp;f=.png\" alt=\"Uros Culibrk - AD118 - Istorija dizajna\" width=\"270\" height=\"380\" \/><\/a><p class=\"jig-HTMLdescription\">Uros Culibrk - AD118 - Istorija dizajna<br\/><\/p><\/li><li><a href=\"https:\/\/metart.metropolitan.ac.rs\/2023\/wp-content\/uploads\/2023\/06\/Vojin-Jovanov-AD118-Istorija-dizajna-768x1024.jpg\"><img loading=\"lazy\" decoding=\"async\" src=\"https:\/\/metart.metropolitan.ac.rs\/2023\/wp-content\/plugins\/justified-image-grid\/timthumb.php?src=https%3A%2F%2Fmetart.metropolitan.ac.rs%2F2023%2Fwp-content%2Fuploads%2F2023%2F06%2FVojin-Jovanov-AD118-Istorija-dizajna-768x1024.jpg&amp;h=380&amp;q=90&amp;f=.jpg\" alt=\"Vojin Jovanov - AD118 - Istorija dizajna\" width=\"285\" height=\"380\" \/><\/a><p class=\"jig-HTMLdescription\">Vojin Jovanov - AD118 - Istorija dizajna<br\/><\/p><\/li><li><a href=\"https:\/\/metart.metropolitan.ac.rs\/2023\/wp-content\/uploads\/2023\/06\/Aleksandra-DJordjevic-AD118-Istorija-dizajna-724x1024.png\"><img loading=\"lazy\" decoding=\"async\" src=\"https:\/\/metart.metropolitan.ac.rs\/2023\/wp-content\/plugins\/justified-image-grid\/timthumb.php?src=https%3A%2F%2Fmetart.metropolitan.ac.rs%2F2023%2Fwp-content%2Fuploads%2F2023%2F06%2FAleksandra-DJordjevic-AD118-Istorija-dizajna-724x1024.png&amp;h=380&amp;q=90&amp;f=.png\" alt=\"Aleksandra \u0110or\u0111evi\u0107 - AD118 - Istorija dizajna\" width=\"268\" height=\"380\" \/><\/a><p class=\"jig-HTMLdescription\">Aleksandra \u0110or\u0111evi\u0107 - AD118 - Istorija dizajna<br\/><\/p><\/li><li><a href=\"https:\/\/metart.metropolitan.ac.rs\/2023\/wp-content\/uploads\/2023\/06\/Aleksandra-Krstic-AD118-Istorija-dizajna-724x1024.jpg\"><img loading=\"lazy\" decoding=\"async\" src=\"https:\/\/metart.metropolitan.ac.rs\/2023\/wp-content\/plugins\/justified-image-grid\/timthumb.php?src=https%3A%2F%2Fmetart.metropolitan.ac.rs%2F2023%2Fwp-content%2Fuploads%2F2023%2F06%2FAleksandra-Krstic-AD118-Istorija-dizajna-724x1024.jpg&amp;h=380&amp;q=90&amp;f=.jpg\" alt=\"Aleksandra Krsti\u0107 - AD118 - Istorija dizajna\" width=\"268\" height=\"380\" \/><\/a><p class=\"jig-HTMLdescription\">Aleksandra Krsti\u0107 - AD118 - Istorija dizajna<br\/><\/p><\/li><li><a href=\"https:\/\/metart.metropolitan.ac.rs\/2023\/wp-content\/uploads\/2023\/06\/Anastasija-Kovacevic-AD118-Istorija-dizajna-2-724x1024.jpg\"><img loading=\"lazy\" decoding=\"async\" src=\"https:\/\/metart.metropolitan.ac.rs\/2023\/wp-content\/plugins\/justified-image-grid\/timthumb.php?src=https%3A%2F%2Fmetart.metropolitan.ac.rs%2F2023%2Fwp-content%2Fuploads%2F2023%2F06%2FAnastasija-Kovacevic-AD118-Istorija-dizajna-2-724x1024.jpg&amp;h=380&amp;q=90&amp;f=.jpg\" alt=\"Anastasija Kova\u010devi\u0107 - AD118 - Istorija dizajna 2\" width=\"268\" height=\"380\" \/><\/a><p class=\"jig-HTMLdescription\">Anastasija Kova\u010devi\u0107 - AD118 - Istorija dizajna 2<br\/><\/p><\/li><li><a href=\"https:\/\/metart.metropolitan.ac.rs\/2023\/wp-content\/uploads\/2023\/06\/Anastasija-Kovacevic-AD118-Istorija-dizajna-1024x731.jpg\"><img loading=\"lazy\" decoding=\"async\" src=\"https:\/\/metart.metropolitan.ac.rs\/2023\/wp-content\/plugins\/justified-image-grid\/timthumb.php?src=https%3A%2F%2Fmetart.metropolitan.ac.rs%2F2023%2Fwp-content%2Fuploads%2F2023%2F06%2FAnastasija-Kovacevic-AD118-Istorija-dizajna-1024x731.jpg&amp;h=380&amp;q=90&amp;f=.jpg\" alt=\"Anastasija Kova\u010devi\u0107 - AD118 - Istorija dizajna\" width=\"532\" height=\"380\" \/><\/a><p class=\"jig-HTMLdescription\">Anastasija Kova\u010devi\u0107 - AD118 - Istorija dizajna<br\/><\/p><\/li><li><a href=\"https:\/\/metart.metropolitan.ac.rs\/2023\/wp-content\/uploads\/2023\/06\/Anastasija-Lazic-AD118-Istorija-dizajna-2-724x1024.jpg\"><img loading=\"lazy\" decoding=\"async\" src=\"https:\/\/metart.metropolitan.ac.rs\/2023\/wp-content\/plugins\/justified-image-grid\/timthumb.php?src=https%3A%2F%2Fmetart.metropolitan.ac.rs%2F2023%2Fwp-content%2Fuploads%2F2023%2F06%2FAnastasija-Lazic-AD118-Istorija-dizajna-2-724x1024.jpg&amp;h=380&amp;q=90&amp;f=.jpg\" alt=\"Anastasija Lazi\u0107 - AD118 - Istorija dizajna 2\" width=\"268\" height=\"380\" \/><\/a><p class=\"jig-HTMLdescription\">Anastasija Lazi\u0107 - AD118 - Istorija dizajna 2<br\/><\/p><\/li><li><a href=\"https:\/\/metart.metropolitan.ac.rs\/2023\/wp-content\/uploads\/2023\/06\/Anastasija-Lazic-AD118-Istorija-dizajna-724x1024.jpg\"><img loading=\"lazy\" decoding=\"async\" src=\"https:\/\/metart.metropolitan.ac.rs\/2023\/wp-content\/plugins\/justified-image-grid\/timthumb.php?src=https%3A%2F%2Fmetart.metropolitan.ac.rs%2F2023%2Fwp-content%2Fuploads%2F2023%2F06%2FAnastasija-Lazic-AD118-Istorija-dizajna-724x1024.jpg&amp;h=380&amp;q=90&amp;f=.jpg\" alt=\"Anastasija Lazi\u0107 - AD118 - Istorija dizajna\" width=\"268\" height=\"380\" \/><\/a><p class=\"jig-HTMLdescription\">Anastasija Lazi\u0107 - AD118 - Istorija dizajna<br\/><\/p><\/li><\/ul><\/noscript><\/div>\n","protected":false},"excerpt":{"rendered":"","protected":false},"author":2,"featured_media":0,"parent":0,"menu_order":0,"comment_status":"closed","ping_status":"closed","template":"page-puna.php","meta":{"footnotes":""},"_links":{"self":[{"href":"https:\/\/metart.metropolitan.ac.rs\/2023\/wp-json\/wp\/v2\/pages\/2504"}],"collection":[{"href":"https:\/\/metart.metropolitan.ac.rs\/2023\/wp-json\/wp\/v2\/pages"}],"about":[{"href":"https:\/\/metart.metropolitan.ac.rs\/2023\/wp-json\/wp\/v2\/types\/page"}],"author":[{"embeddable":true,"href":"https:\/\/metart.metropolitan.ac.rs\/2023\/wp-json\/wp\/v2\/users\/2"}],"replies":[{"embeddable":true,"href":"https:\/\/metart.metropolitan.ac.rs\/2023\/wp-json\/wp\/v2\/comments?post=2504"}],"version-history":[{"count":0,"href":"https:\/\/metart.metropolitan.ac.rs\/2023\/wp-json\/wp\/v2\/pages\/2504\/revisions"}],"wp:attachment":[{"href":"https:\/\/metart.metropolitan.ac.rs\/2023\/wp-json\/wp\/v2\/media?parent=2504"}],"curies":[{"name":"wp","href":"https:\/\/api.w.org\/{rel}","templated":true}]}}