{"id":2956,"date":"2021-06-28T15:28:29","date_gmt":"2021-06-28T13:28:29","guid":{"rendered":"https:\/\/metart.metropolitan.ac.rs\/?page_id=2956"},"modified":"2023-06-29T12:18:49","modified_gmt":"2023-06-29T10:18:49","slug":"modni-dizajn-4","status":"publish","type":"page","link":"https:\/\/metart.metropolitan.ac.rs\/2023\/modni-dizajn-4\/","title":{"rendered":"Modni dizajn 4"},"content":{"rendered":"<div id=\"jig1\" class=\"justified-image-grid jig-3568b619fe30c585632301d22d725274 jig-preset-global\"><div class=\"jig-clearfix\"><\/div><noscript id=\"jig1-html\" class=\"justified-image-grid-html\" data-lazy-src=\"skiplazyload\" data-src=\"skipunveillazyload\"><ul><li><a href=\"https:\/\/metart.metropolitan.ac.rs\/2023\/wp-content\/uploads\/2023\/06\/Helena-Plecas-AD345-Modni-dizajn-2-576x1024.jpg\"><img loading=\"lazy\" decoding=\"async\" src=\"https:\/\/metart.metropolitan.ac.rs\/2023\/wp-content\/plugins\/justified-image-grid\/timthumb.php?src=https%3A%2F%2Fmetart.metropolitan.ac.rs%2F2023%2Fwp-content%2Fuploads%2F2023%2F06%2FHelena-Plecas-AD345-Modni-dizajn-2-576x1024.jpg&amp;h=380&amp;q=90&amp;f=.jpg\" alt=\"Helena Ple\u0107a\u0161 - AD345 - Modni dizajn 2\" width=\"213\" height=\"380\" \/><\/a><p class=\"jig-HTMLdescription\">Helena Ple\u0107a\u0161 - AD345 - Modni dizajn 2<br\/><\/p><\/li><li><a href=\"https:\/\/metart.metropolitan.ac.rs\/2023\/wp-content\/uploads\/2023\/06\/Helena-Plecas-AD345-Modni-dizajn-3-819x1024.jpg\"><img loading=\"lazy\" decoding=\"async\" src=\"https:\/\/metart.metropolitan.ac.rs\/2023\/wp-content\/plugins\/justified-image-grid\/timthumb.php?src=https%3A%2F%2Fmetart.metropolitan.ac.rs%2F2023%2Fwp-content%2Fuploads%2F2023%2F06%2FHelena-Plecas-AD345-Modni-dizajn-3-819x1024.jpg&amp;h=380&amp;q=90&amp;f=.jpg\" alt=\"Helena Ple\u0107a\u0161 - AD345 - Modni dizajn 3\" width=\"303\" height=\"380\" \/><\/a><p class=\"jig-HTMLdescription\">Helena Ple\u0107a\u0161 - AD345 - Modni dizajn 3<br\/><\/p><\/li><li><a href=\"https:\/\/metart.metropolitan.ac.rs\/2023\/wp-content\/uploads\/2023\/06\/Helena-Plecas-AD345-Modni-dizajn-4-1024x678.jpg\"><img loading=\"lazy\" decoding=\"async\" src=\"https:\/\/metart.metropolitan.ac.rs\/2023\/wp-content\/plugins\/justified-image-grid\/timthumb.php?src=https%3A%2F%2Fmetart.metropolitan.ac.rs%2F2023%2Fwp-content%2Fuploads%2F2023%2F06%2FHelena-Plecas-AD345-Modni-dizajn-4-1024x678.jpg&amp;h=380&amp;q=90&amp;f=.jpg\" alt=\"Helena Ple\u0107a\u0161 - AD345 - Modni dizajn 4\" width=\"573\" height=\"380\" \/><\/a><p class=\"jig-HTMLdescription\">Helena Ple\u0107a\u0161 - AD345 - Modni dizajn 4<br\/><\/p><\/li><li><a href=\"https:\/\/metart.metropolitan.ac.rs\/2023\/wp-content\/uploads\/2023\/06\/Helena-Plecas-AD345-Modni-dizajn-576x1024.jpg\"><img loading=\"lazy\" decoding=\"async\" src=\"https:\/\/metart.metropolitan.ac.rs\/2023\/wp-content\/plugins\/justified-image-grid\/timthumb.php?src=https%3A%2F%2Fmetart.metropolitan.ac.rs%2F2023%2Fwp-content%2Fuploads%2F2023%2F06%2FHelena-Plecas-AD345-Modni-dizajn-576x1024.jpg&amp;h=380&amp;q=90&amp;f=.jpg\" alt=\"Helena Ple\u0107a\u0161 - AD345 - Modni dizajn\" width=\"213\" height=\"380\" \/><\/a><p class=\"jig-HTMLdescription\">Helena Ple\u0107a\u0161 - AD345 - Modni dizajn<br\/><\/p><\/li><li><a href=\"https:\/\/metart.metropolitan.ac.rs\/2023\/wp-content\/uploads\/2023\/06\/Lola-Vuckovic-AD345-Modni-dizajn-2-768x1024.jpeg\"><img loading=\"lazy\" decoding=\"async\" src=\"https:\/\/metart.metropolitan.ac.rs\/2023\/wp-content\/plugins\/justified-image-grid\/timthumb.php?src=https%3A%2F%2Fmetart.metropolitan.ac.rs%2F2023%2Fwp-content%2Fuploads%2F2023%2F06%2FLola-Vuckovic-AD345-Modni-dizajn-2-768x1024.jpeg&amp;h=380&amp;q=90&amp;f=.jpeg\" alt=\"Lola Vu\u010dkovi\u0107 - AD345 - Modni dizajn 2\" width=\"285\" height=\"380\" \/><\/a><p class=\"jig-HTMLdescription\">Lola Vu\u010dkovi\u0107 - AD345 - Modni dizajn 2<br\/><\/p><\/li><li><a href=\"https:\/\/metart.metropolitan.ac.rs\/2023\/wp-content\/uploads\/2023\/06\/Lola-Vuckovic-AD345-Modni-dizajn-3-768x1024.jpeg\"><img loading=\"lazy\" decoding=\"async\" src=\"https:\/\/metart.metropolitan.ac.rs\/2023\/wp-content\/plugins\/justified-image-grid\/timthumb.php?src=https%3A%2F%2Fmetart.metropolitan.ac.rs%2F2023%2Fwp-content%2Fuploads%2F2023%2F06%2FLola-Vuckovic-AD345-Modni-dizajn-3-768x1024.jpeg&amp;h=380&amp;q=90&amp;f=.jpeg\" alt=\"Lola Vu\u010dkovi\u0107 - AD345 - Modni dizajn 3\" width=\"285\" height=\"380\" \/><\/a><p class=\"jig-HTMLdescription\">Lola Vu\u010dkovi\u0107 - AD345 - Modni dizajn 3<br\/><\/p><\/li><li><a href=\"https:\/\/metart.metropolitan.ac.rs\/2023\/wp-content\/uploads\/2023\/06\/Lola-Vuckovic-AD345-Modni-dizajn-768x1024.jpeg\"><img loading=\"lazy\" decoding=\"async\" src=\"https:\/\/metart.metropolitan.ac.rs\/2023\/wp-content\/plugins\/justified-image-grid\/timthumb.php?src=https%3A%2F%2Fmetart.metropolitan.ac.rs%2F2023%2Fwp-content%2Fuploads%2F2023%2F06%2FLola-Vuckovic-AD345-Modni-dizajn-768x1024.jpeg&amp;h=380&amp;q=90&amp;f=.jpeg\" alt=\"Lola Vu\u010dkovi\u0107 - AD345 - Modni dizajn\" width=\"285\" height=\"380\" \/><\/a><p class=\"jig-HTMLdescription\">Lola Vu\u010dkovi\u0107 - AD345 - Modni dizajn<br\/><\/p><\/li><li><a href=\"https:\/\/metart.metropolitan.ac.rs\/2023\/wp-content\/uploads\/2023\/06\/Marina-K-AD345-Modni-dizajn-2-683x1024.jpg\"><img loading=\"lazy\" decoding=\"async\" src=\"https:\/\/metart.metropolitan.ac.rs\/2023\/wp-content\/plugins\/justified-image-grid\/timthumb.php?src=https%3A%2F%2Fmetart.metropolitan.ac.rs%2F2023%2Fwp-content%2Fuploads%2F2023%2F06%2FMarina-K-AD345-Modni-dizajn-2-683x1024.jpg&amp;h=380&amp;q=90&amp;f=.jpg\" alt=\"Marina K - AD345 - Modni dizajn 2\" width=\"253\" height=\"380\" \/><\/a><p class=\"jig-HTMLdescription\">Marina K - AD345 - Modni dizajn 2<br\/><\/p><\/li><li><a href=\"https:\/\/metart.metropolitan.ac.rs\/2023\/wp-content\/uploads\/2023\/06\/Marina-K-AD345-Modni-dizajn-3-683x1024.jpg\"><img loading=\"lazy\" decoding=\"async\" src=\"https:\/\/metart.metropolitan.ac.rs\/2023\/wp-content\/plugins\/justified-image-grid\/timthumb.php?src=https%3A%2F%2Fmetart.metropolitan.ac.rs%2F2023%2Fwp-content%2Fuploads%2F2023%2F06%2FMarina-K-AD345-Modni-dizajn-3-683x1024.jpg&amp;h=380&amp;q=90&amp;f=.jpg\" alt=\"Marina K - AD345 - Modni dizajn 3\" width=\"253\" height=\"380\" \/><\/a><p class=\"jig-HTMLdescription\">Marina K - AD345 - Modni dizajn 3<br\/><\/p><\/li><li><a href=\"https:\/\/metart.metropolitan.ac.rs\/2023\/wp-content\/uploads\/2023\/06\/Marina-K-AD345-Modni-dizajn-4-683x1024.jpg\"><img loading=\"lazy\" decoding=\"async\" src=\"https:\/\/metart.metropolitan.ac.rs\/2023\/wp-content\/plugins\/justified-image-grid\/timthumb.php?src=https%3A%2F%2Fmetart.metropolitan.ac.rs%2F2023%2Fwp-content%2Fuploads%2F2023%2F06%2FMarina-K-AD345-Modni-dizajn-4-683x1024.jpg&amp;h=380&amp;q=90&amp;f=.jpg\" alt=\"Marina K - AD345 - Modni dizajn 4\" width=\"253\" height=\"380\" \/><\/a><p class=\"jig-HTMLdescription\">Marina K - AD345 - Modni dizajn 4<br\/><\/p><\/li><li><a href=\"https:\/\/metart.metropolitan.ac.rs\/2023\/wp-content\/uploads\/2023\/06\/Marina-K-AD345-Modni-dizajn-5-683x1024.jpg\"><img loading=\"lazy\" decoding=\"async\" src=\"https:\/\/metart.metropolitan.ac.rs\/2023\/wp-content\/plugins\/justified-image-grid\/timthumb.php?src=https%3A%2F%2Fmetart.metropolitan.ac.rs%2F2023%2Fwp-content%2Fuploads%2F2023%2F06%2FMarina-K-AD345-Modni-dizajn-5-683x1024.jpg&amp;h=380&amp;q=90&amp;f=.jpg\" alt=\"Marina K - AD345 - Modni dizajn 5\" width=\"253\" height=\"380\" \/><\/a><p class=\"jig-HTMLdescription\">Marina K - AD345 - Modni dizajn 5<br\/><\/p><\/li><li><a href=\"https:\/\/metart.metropolitan.ac.rs\/2023\/wp-content\/uploads\/2023\/06\/Marina-K-AD345-Modni-dizajn-683x1024.jpg\"><img loading=\"lazy\" decoding=\"async\" src=\"https:\/\/metart.metropolitan.ac.rs\/2023\/wp-content\/plugins\/justified-image-grid\/timthumb.php?src=https%3A%2F%2Fmetart.metropolitan.ac.rs%2F2023%2Fwp-content%2Fuploads%2F2023%2F06%2FMarina-K-AD345-Modni-dizajn-683x1024.jpg&amp;h=380&amp;q=90&amp;f=.jpg\" alt=\"Marina K - AD345 - Modni dizajn\" width=\"253\" height=\"380\" \/><\/a><p class=\"jig-HTMLdescription\">Marina K - AD345 - Modni dizajn<br\/><\/p><\/li><li><a href=\"https:\/\/metart.metropolitan.ac.rs\/2023\/wp-content\/uploads\/2023\/06\/Natalija-Kovacevic-AD345-Modni-dizajn-2.jpeg\"><img loading=\"lazy\" decoding=\"async\" src=\"https:\/\/metart.metropolitan.ac.rs\/2023\/wp-content\/plugins\/justified-image-grid\/timthumb.php?src=https%3A%2F%2Fmetart.metropolitan.ac.rs%2F2023%2Fwp-content%2Fuploads%2F2023%2F06%2FNatalija-Kovacevic-AD345-Modni-dizajn-2.jpeg&amp;h=380&amp;q=90&amp;f=.jpeg\" alt=\"Natalija Kova\u010devi\u0107 - AD345 - Modni dizajn 2\" width=\"506\" height=\"380\" \/><\/a><p class=\"jig-HTMLdescription\">Natalija Kova\u010devi\u0107 - AD345 - Modni dizajn 2<br\/><\/p><\/li><li><a href=\"https:\/\/metart.metropolitan.ac.rs\/2023\/wp-content\/uploads\/2023\/06\/Natalija-Kovacevic-AD345-Modni-dizajn-3.jpeg\"><img loading=\"lazy\" decoding=\"async\" src=\"https:\/\/metart.metropolitan.ac.rs\/2023\/wp-content\/plugins\/justified-image-grid\/timthumb.php?src=https%3A%2F%2Fmetart.metropolitan.ac.rs%2F2023%2Fwp-content%2Fuploads%2F2023%2F06%2FNatalija-Kovacevic-AD345-Modni-dizajn-3.jpeg&amp;h=380&amp;q=90&amp;f=.jpeg\" alt=\"Natalija Kova\u010devi\u0107 - AD345 - Modni dizajn 3\" width=\"506\" height=\"380\" \/><\/a><p class=\"jig-HTMLdescription\">Natalija Kova\u010devi\u0107 - AD345 - Modni dizajn 3<br\/><\/p><\/li><li><a href=\"https:\/\/metart.metropolitan.ac.rs\/2023\/wp-content\/uploads\/2023\/06\/Natalija-Kovacevic-AD345-Modni-dizajn-4.jpeg\"><img loading=\"lazy\" decoding=\"async\" src=\"https:\/\/metart.metropolitan.ac.rs\/2023\/wp-content\/plugins\/justified-image-grid\/timthumb.php?src=https%3A%2F%2Fmetart.metropolitan.ac.rs%2F2023%2Fwp-content%2Fuploads%2F2023%2F06%2FNatalija-Kovacevic-AD345-Modni-dizajn-4.jpeg&amp;h=380&amp;q=90&amp;f=.jpeg\" alt=\"Natalija Kova\u010devi\u0107 - AD345 - Modni dizajn 4\" width=\"506\" height=\"380\" \/><\/a><p class=\"jig-HTMLdescription\">Natalija Kova\u010devi\u0107 - AD345 - Modni dizajn 4<br\/><\/p><\/li><li><a href=\"https:\/\/metart.metropolitan.ac.rs\/2023\/wp-content\/uploads\/2023\/06\/Natalija-Kovacevic-AD345-Modni-dizajn-5.jpeg\"><img loading=\"lazy\" decoding=\"async\" src=\"https:\/\/metart.metropolitan.ac.rs\/2023\/wp-content\/plugins\/justified-image-grid\/timthumb.php?src=https%3A%2F%2Fmetart.metropolitan.ac.rs%2F2023%2Fwp-content%2Fuploads%2F2023%2F06%2FNatalija-Kovacevic-AD345-Modni-dizajn-5.jpeg&amp;h=380&amp;q=90&amp;f=.jpeg\" alt=\"Natalija Kova\u010devi\u0107 - AD345 - Modni dizajn 5\" width=\"506\" height=\"380\" \/><\/a><p class=\"jig-HTMLdescription\">Natalija Kova\u010devi\u0107 - AD345 - Modni dizajn 5<br\/><\/p><\/li><li><a href=\"https:\/\/metart.metropolitan.ac.rs\/2023\/wp-content\/uploads\/2023\/06\/Natalija-Kovacevic-AD345-Modni-dizajn-6.jpeg\"><img loading=\"lazy\" decoding=\"async\" src=\"https:\/\/metart.metropolitan.ac.rs\/2023\/wp-content\/plugins\/justified-image-grid\/timthumb.php?src=https%3A%2F%2Fmetart.metropolitan.ac.rs%2F2023%2Fwp-content%2Fuploads%2F2023%2F06%2FNatalija-Kovacevic-AD345-Modni-dizajn-6.jpeg&amp;h=380&amp;q=90&amp;f=.jpeg\" alt=\"Natalija Kova\u010devi\u0107 - AD345 - Modni dizajn 6\" width=\"506\" height=\"380\" \/><\/a><p class=\"jig-HTMLdescription\">Natalija Kova\u010devi\u0107 - AD345 - Modni dizajn 6<br\/><\/p><\/li><li><a href=\"https:\/\/metart.metropolitan.ac.rs\/2023\/wp-content\/uploads\/2023\/06\/Natalija-Kovacevic-AD345-Modni-dizajn-7.jpeg\"><img loading=\"lazy\" decoding=\"async\" src=\"https:\/\/metart.metropolitan.ac.rs\/2023\/wp-content\/plugins\/justified-image-grid\/timthumb.php?src=https%3A%2F%2Fmetart.metropolitan.ac.rs%2F2023%2Fwp-content%2Fuploads%2F2023%2F06%2FNatalija-Kovacevic-AD345-Modni-dizajn-7.jpeg&amp;h=380&amp;q=90&amp;f=.jpeg\" alt=\"Natalija Kova\u010devi\u0107 - AD345 - Modni dizajn 7\" width=\"506\" height=\"380\" \/><\/a><p class=\"jig-HTMLdescription\">Natalija Kova\u010devi\u0107 - AD345 - Modni dizajn 7<br\/><\/p><\/li><li><a href=\"https:\/\/metart.metropolitan.ac.rs\/2023\/wp-content\/uploads\/2023\/06\/Natalija-Kovacevic-AD345-Modni-dizajn-8.jpeg\"><img loading=\"lazy\" decoding=\"async\" src=\"https:\/\/metart.metropolitan.ac.rs\/2023\/wp-content\/plugins\/justified-image-grid\/timthumb.php?src=https%3A%2F%2Fmetart.metropolitan.ac.rs%2F2023%2Fwp-content%2Fuploads%2F2023%2F06%2FNatalija-Kovacevic-AD345-Modni-dizajn-8.jpeg&amp;h=380&amp;q=90&amp;f=.jpeg\" alt=\"Natalija Kova\u010devi\u0107 - AD345 - Modni dizajn 8\" width=\"536\" height=\"380\" \/><\/a><p class=\"jig-HTMLdescription\">Natalija Kova\u010devi\u0107 - AD345 - Modni dizajn 8<br\/><\/p><\/li><li><a href=\"https:\/\/metart.metropolitan.ac.rs\/2023\/wp-content\/uploads\/2023\/06\/Natalija-Kovacevic-AD345-Modni-dizajn-9.jpeg\"><img loading=\"lazy\" decoding=\"async\" src=\"https:\/\/metart.metropolitan.ac.rs\/2023\/wp-content\/plugins\/justified-image-grid\/timthumb.php?src=https%3A%2F%2Fmetart.metropolitan.ac.rs%2F2023%2Fwp-content%2Fuploads%2F2023%2F06%2FNatalija-Kovacevic-AD345-Modni-dizajn-9.jpeg&amp;h=380&amp;q=90&amp;f=.jpeg\" alt=\"Natalija Kova\u010devi\u0107 - AD345 - Modni dizajn 9\" width=\"536\" height=\"380\" \/><\/a><p class=\"jig-HTMLdescription\">Natalija Kova\u010devi\u0107 - AD345 - Modni dizajn 9<br\/><\/p><\/li><li><a href=\"https:\/\/metart.metropolitan.ac.rs\/2023\/wp-content\/uploads\/2023\/06\/Natalija-Kovacevic-AD345-Modni-dizajn-10.jpeg\"><img loading=\"lazy\" decoding=\"async\" src=\"https:\/\/metart.metropolitan.ac.rs\/2023\/wp-content\/plugins\/justified-image-grid\/timthumb.php?src=https%3A%2F%2Fmetart.metropolitan.ac.rs%2F2023%2Fwp-content%2Fuploads%2F2023%2F06%2FNatalija-Kovacevic-AD345-Modni-dizajn-10.jpeg&amp;h=380&amp;q=90&amp;f=.jpeg\" alt=\"Natalija Kova\u010devi\u0107 - AD345 - Modni dizajn 10\" width=\"536\" height=\"380\" \/><\/a><p class=\"jig-HTMLdescription\">Natalija Kova\u010devi\u0107 - AD345 - Modni dizajn 10<br\/><\/p><\/li><li><a href=\"https:\/\/metart.metropolitan.ac.rs\/2023\/wp-content\/uploads\/2023\/06\/Natalija-Kovacevic-AD345-Modni-dizajn-11.jpeg\"><img loading=\"lazy\" decoding=\"async\" src=\"https:\/\/metart.metropolitan.ac.rs\/2023\/wp-content\/plugins\/justified-image-grid\/timthumb.php?src=https%3A%2F%2Fmetart.metropolitan.ac.rs%2F2023%2Fwp-content%2Fuploads%2F2023%2F06%2FNatalija-Kovacevic-AD345-Modni-dizajn-11.jpeg&amp;h=380&amp;q=90&amp;f=.jpeg\" alt=\"Natalija Kova\u010devi\u0107 - AD345 - Modni dizajn 11\" width=\"536\" height=\"380\" \/><\/a><p class=\"jig-HTMLdescription\">Natalija Kova\u010devi\u0107 - AD345 - Modni dizajn 11<br\/><\/p><\/li><li><a href=\"https:\/\/metart.metropolitan.ac.rs\/2023\/wp-content\/uploads\/2023\/06\/Natalija-Kovacevic-AD345-Modni-dizajn-12.jpeg\"><img loading=\"lazy\" decoding=\"async\" src=\"https:\/\/metart.metropolitan.ac.rs\/2023\/wp-content\/plugins\/justified-image-grid\/timthumb.php?src=https%3A%2F%2Fmetart.metropolitan.ac.rs%2F2023%2Fwp-content%2Fuploads%2F2023%2F06%2FNatalija-Kovacevic-AD345-Modni-dizajn-12.jpeg&amp;h=380&amp;q=90&amp;f=.jpeg\" alt=\"Natalija Kova\u010devi\u0107 - AD345 - Modni dizajn 12\" width=\"536\" height=\"380\" \/><\/a><p class=\"jig-HTMLdescription\">Natalija Kova\u010devi\u0107 - AD345 - Modni dizajn 12<br\/><\/p><\/li><li><a href=\"https:\/\/metart.metropolitan.ac.rs\/2023\/wp-content\/uploads\/2023\/06\/Natalija-Kovacevic-AD345-Modni-dizajn-13.jpeg\"><img loading=\"lazy\" decoding=\"async\" src=\"https:\/\/metart.metropolitan.ac.rs\/2023\/wp-content\/plugins\/justified-image-grid\/timthumb.php?src=https%3A%2F%2Fmetart.metropolitan.ac.rs%2F2023%2Fwp-content%2Fuploads%2F2023%2F06%2FNatalija-Kovacevic-AD345-Modni-dizajn-13.jpeg&amp;h=380&amp;q=90&amp;f=.jpeg\" alt=\"Natalija Kova\u010devi\u0107 - AD345 - Modni dizajn 13\" width=\"536\" height=\"380\" \/><\/a><p class=\"jig-HTMLdescription\">Natalija Kova\u010devi\u0107 - AD345 - Modni dizajn 13<br\/><\/p><\/li><li><a href=\"https:\/\/metart.metropolitan.ac.rs\/2023\/wp-content\/uploads\/2023\/06\/Natalija-Kovacevic-AD345-Modni-dizajn-14.jpeg\"><img loading=\"lazy\" decoding=\"async\" src=\"https:\/\/metart.metropolitan.ac.rs\/2023\/wp-content\/plugins\/justified-image-grid\/timthumb.php?src=https%3A%2F%2Fmetart.metropolitan.ac.rs%2F2023%2Fwp-content%2Fuploads%2F2023%2F06%2FNatalija-Kovacevic-AD345-Modni-dizajn-14.jpeg&amp;h=380&amp;q=90&amp;f=.jpeg\" alt=\"Natalija Kova\u010devi\u0107 - AD345 - Modni dizajn 14\" width=\"536\" height=\"380\" \/><\/a><p class=\"jig-HTMLdescription\">Natalija Kova\u010devi\u0107 - AD345 - Modni dizajn 14<br\/><\/p><\/li><li><a href=\"https:\/\/metart.metropolitan.ac.rs\/2023\/wp-content\/uploads\/2023\/06\/Natalija-Kovacevic-AD345-Modni-dizajn-15.jpeg\"><img loading=\"lazy\" decoding=\"async\" src=\"https:\/\/metart.metropolitan.ac.rs\/2023\/wp-content\/plugins\/justified-image-grid\/timthumb.php?src=https%3A%2F%2Fmetart.metropolitan.ac.rs%2F2023%2Fwp-content%2Fuploads%2F2023%2F06%2FNatalija-Kovacevic-AD345-Modni-dizajn-15.jpeg&amp;h=380&amp;q=90&amp;f=.jpeg\" alt=\"Natalija Kova\u010devi\u0107 - AD345 - Modni dizajn 15\" width=\"536\" height=\"380\" \/><\/a><p class=\"jig-HTMLdescription\">Natalija Kova\u010devi\u0107 - AD345 - Modni dizajn 15<br\/><\/p><\/li><li><a href=\"https:\/\/metart.metropolitan.ac.rs\/2023\/wp-content\/uploads\/2023\/06\/Natalija-Kovacevic-AD345-Modni-dizajn.jpeg\"><img loading=\"lazy\" decoding=\"async\" src=\"https:\/\/metart.metropolitan.ac.rs\/2023\/wp-content\/plugins\/justified-image-grid\/timthumb.php?src=https%3A%2F%2Fmetart.metropolitan.ac.rs%2F2023%2Fwp-content%2Fuploads%2F2023%2F06%2FNatalija-Kovacevic-AD345-Modni-dizajn.jpeg&amp;h=380&amp;q=90&amp;f=.jpeg\" alt=\"Natalija Kova\u010devi\u0107 - AD345 - Modni dizajn\" width=\"506\" height=\"380\" \/><\/a><p class=\"jig-HTMLdescription\">Natalija Kova\u010devi\u0107 - AD345 - Modni dizajn<br\/><\/p><\/li><li><a href=\"https:\/\/metart.metropolitan.ac.rs\/2023\/wp-content\/uploads\/2023\/06\/Andjela-Boskovic-AD345-Modni-dizajn-2-819x1024.jpg\"><img loading=\"lazy\" decoding=\"async\" src=\"https:\/\/metart.metropolitan.ac.rs\/2023\/wp-content\/plugins\/justified-image-grid\/timthumb.php?src=https%3A%2F%2Fmetart.metropolitan.ac.rs%2F2023%2Fwp-content%2Fuploads%2F2023%2F06%2FAndjela-Boskovic-AD345-Modni-dizajn-2-819x1024.jpg&amp;h=380&amp;q=90&amp;f=.jpg\" alt=\"An\u0111ela Bo\u0161kovi\u0107 - AD345 - Modni dizajn 2\" width=\"303\" height=\"380\" \/><\/a><p class=\"jig-HTMLdescription\">An\u0111ela Bo\u0161kovi\u0107 - AD345 - Modni dizajn 2<br\/><\/p><\/li><li><a href=\"https:\/\/metart.metropolitan.ac.rs\/2023\/wp-content\/uploads\/2023\/06\/Andjela-Boskovic-AD345-Modni-dizajn-798x1024.jpg\"><img loading=\"lazy\" decoding=\"async\" src=\"https:\/\/metart.metropolitan.ac.rs\/2023\/wp-content\/plugins\/justified-image-grid\/timthumb.php?src=https%3A%2F%2Fmetart.metropolitan.ac.rs%2F2023%2Fwp-content%2Fuploads%2F2023%2F06%2FAndjela-Boskovic-AD345-Modni-dizajn-798x1024.jpg&amp;h=380&amp;q=90&amp;f=.jpg\" alt=\"An\u0111ela Bo\u0161kovi\u0107 - AD345 - Modni dizajn\" width=\"296\" height=\"380\" \/><\/a><p class=\"jig-HTMLdescription\">An\u0111ela Bo\u0161kovi\u0107 - AD345 - Modni dizajn<br\/><\/p><\/li><li><a href=\"https:\/\/metart.metropolitan.ac.rs\/2023\/wp-content\/uploads\/2023\/06\/Emilija-Zdravkovic-AD345-Modni-dizajn-461x1024.jpg\"><img loading=\"lazy\" decoding=\"async\" src=\"https:\/\/metart.metropolitan.ac.rs\/2023\/wp-content\/plugins\/justified-image-grid\/timthumb.php?src=https%3A%2F%2Fmetart.metropolitan.ac.rs%2F2023%2Fwp-content%2Fuploads%2F2023%2F06%2FEmilija-Zdravkovic-AD345-Modni-dizajn-461x1024.jpg&amp;h=380&amp;q=90&amp;f=.jpg\" alt=\"Emilija Zdravkovi\u0107 - AD345 - Modni dizajn\" width=\"171\" height=\"380\" \/><\/a><p class=\"jig-HTMLdescription\">Emilija Zdravkovi\u0107 - AD345 - Modni dizajn<br\/><\/p><\/li><\/ul><\/noscript><\/div>\n","protected":false},"excerpt":{"rendered":"","protected":false},"author":1,"featured_media":0,"parent":0,"menu_order":0,"comment_status":"closed","ping_status":"closed","template":"page-puna.php","meta":{"footnotes":""},"_links":{"self":[{"href":"https:\/\/metart.metropolitan.ac.rs\/2023\/wp-json\/wp\/v2\/pages\/2956"}],"collection":[{"href":"https:\/\/metart.metropolitan.ac.rs\/2023\/wp-json\/wp\/v2\/pages"}],"about":[{"href":"https:\/\/metart.metropolitan.ac.rs\/2023\/wp-json\/wp\/v2\/types\/page"}],"author":[{"embeddable":true,"href":"https:\/\/metart.metropolitan.ac.rs\/2023\/wp-json\/wp\/v2\/users\/1"}],"replies":[{"embeddable":true,"href":"https:\/\/metart.metropolitan.ac.rs\/2023\/wp-json\/wp\/v2\/comments?post=2956"}],"version-history":[{"count":0,"href":"https:\/\/metart.metropolitan.ac.rs\/2023\/wp-json\/wp\/v2\/pages\/2956\/revisions"}],"wp:attachment":[{"href":"https:\/\/metart.metropolitan.ac.rs\/2023\/wp-json\/wp\/v2\/media?parent=2956"}],"curies":[{"name":"wp","href":"https:\/\/api.w.org\/{rel}","templated":true}]}}